{"id":1318,"date":"2023-06-06T23:56:59","date_gmt":"2023-06-06T23:56:59","guid":{"rendered":"https:\/\/www.cortijoamaya.com\/information-touristique\/art-monuments-musees-concerts\/"},"modified":"2023-06-07T12:12:55","modified_gmt":"2023-06-07T12:12:55","slug":"art-monuments-musees-concerts","status":"publish","type":"page","link":"https:\/\/www.cortijoamaya.com\/fr\/information-touristique\/art-monuments-musees-concerts\/","title":{"rendered":"Art &#8211; Monuments &#8211; Mus\u00e9es &#8211; Concerts"},"content":{"rendered":"\t\t<div data-elementor-type=\"wp-page\" data-elementor-id=\"1318\" class=\"elementor elementor-1318 elementor-1067\" data-elementor-post-type=\"page\">\n\t\t\t\t<div class=\"elementor-element elementor-element-e76a8c1 e-flex e-con-boxed e-con e-parent\" data-id=\"e76a8c1\" data-element_type=\"container\">\n\t\t\t\t\t<div class=\"e-con-inner\">\n\t\t\t\t<div class=\"elementor-element elementor-element-d0b8508 elementor-widget elementor-widget-heading\" data-id=\"d0b8508\" data-element_type=\"widget\" data-widget_type=\"heading.default\">\n\t\t\t\t<div class=\"elementor-widget-container\">\n\t\t\t\t\t<h1 class=\"elementor-heading-title elementor-size-default\">Art &#8211; Monuments &#8211; Mus\u00e9es &#8211; Concerts<\/h1>\t\t\t\t<\/div>\n\t\t\t\t<\/div>\n\t\t\t\t<div class=\"elementor-element elementor-element-37d1800 elementor-widget-divider--view-line elementor-widget elementor-widget-divider\" data-id=\"37d1800\" data-element_type=\"widget\" data-widget_type=\"divider.default\">\n\t\t\t\t<div class=\"elementor-widget-container\">\n\t\t\t\t\t\t\t<div class=\"elementor-divider\">\n\t\t\t<span class=\"elementor-divider-separator\">\n\t\t\t\t\t\t<\/span>\n\t\t<\/div>\n\t\t\t\t\t\t<\/div>\n\t\t\t\t<\/div>\n\t\t\t\t<div class=\"elementor-element elementor-element-ac7b5c9 aspect-ratio-4-1-5 elementor-widget elementor-widget-image\" data-id=\"ac7b5c9\" data-element_type=\"widget\" data-widget_type=\"image.default\">\n\t\t\t\t<div class=\"elementor-widget-container\">\n\t\t\t\t\t\t\t\t\t\t\t\t\t\t\t<img fetchpriority=\"high\" decoding=\"async\" width=\"1200\" height=\"900\" src=\"https:\/\/www.cortijoamaya.com\/wp-content\/uploads\/cannot-be-missed.jpg\" class=\"attachment-full size-full wp-image-1524\" alt=\"\" srcset=\"https:\/\/www.cortijoamaya.com\/wp-content\/uploads\/cannot-be-missed.jpg 1200w, https:\/\/www.cortijoamaya.com\/wp-content\/uploads\/cannot-be-missed-300x225.jpg 300w, https:\/\/www.cortijoamaya.com\/wp-content\/uploads\/cannot-be-missed-1024x768.jpg 1024w, https:\/\/www.cortijoamaya.com\/wp-content\/uploads\/cannot-be-missed-768x576.jpg 768w\" sizes=\"(max-width: 1200px) 100vw, 1200px\" \/>\t\t\t\t\t\t\t\t\t\t\t\t\t\t\t<\/div>\n\t\t\t\t<\/div>\n\t\t\t\t\t<\/div>\n\t\t\t\t<\/div>\n\t\t<div class=\"elementor-element elementor-element-b316430 e-flex e-con-boxed e-con e-parent\" data-id=\"b316430\" data-element_type=\"container\">\n\t\t\t\t\t<div class=\"e-con-inner\">\n\t\t\t\t<div class=\"elementor-element elementor-element-98f6eb6 p-mb-0 a--e-global-color-primary elementor-widget elementor-widget-text-editor\" data-id=\"98f6eb6\" data-element_type=\"widget\" data-widget_type=\"text-editor.default\">\n\t\t\t\t<div class=\"elementor-widget-container\">\n\t\t\t\t\t\t\t\t\t<h5>Visites exceptionnelles \u00e0 Torrox et ses environs<\/h5>\n<p>Complexe romain du phare de Torrox (villa romaine, thermes, n\u00e9cropole&#8230;), \u00e9glise paroissiale de Nuestra Se\u00f1ora de la Encarnaci\u00f3n, ermitage et couvent de Nuestra Se\u00f1ora de las Nieves, \u00e9glise de San Roque, Casa de la Moneda, la tour de Gui, etc.<\/p>\n<p>Que faire \u00e0 Torrox : <a href=\"http:\/\/torrox.costasur.com\/es\/cultura-monumentos.html\" target=\"_blank\" rel=\"noopener noreferrer\">torrox.costasur.com<\/a><\/p>\n<p>Que faire \u00e0 Nerja : <a href=\"https:\/\/www.nerja-turismo.com\/\" target=\"_blank\" rel=\"noopener noreferrer\">nerja-turismo.com<\/a><\/p>\n<p>Que faire \u00e0 Frigiliana : <a href=\"https:\/\/imanesdeviaje.com\/que-ver-en-frigiliana\/\" target=\"_blank\" rel=\"noopener noreferrer\">que-ver-en-frigiliana\/<\/a><\/p>\n<p>Que faire \u00e0 Malaga : <a href=\"https:\/\/visita.malaga.eu\/es\/\" target=\"_blank\" rel=\"noopener noreferrer\">visita.malaga.eu\/es\/<\/a><\/p>\n<h5>Monuments d&rsquo;int\u00e9r\u00eat touristique \u00e0 Malaga <\/h5>\n<p>Lorsqu&rsquo;il s&rsquo;agit de visiter Malaga, des propositions attrayantes se pr\u00e9sentent et nous ne pouvons pas partir sans nous arr\u00eater dans divers sites qui, apr\u00e8s le passage historique de nombreuses villes, ont laiss\u00e9 un patrimoine culturel pr\u00e9cieux et vari\u00e9, tels que :<\/p>\n<ul>\n<li>Le th\u00e9\u00e2tre romain, construit au premier si\u00e8cle de notre \u00e8re. C. Le ch\u00e2teau ph\u00e9nicien de Gibralfaro, construit par le roi Yusuf I \u00e0 l&rsquo;\u00e9poque arabe, situ\u00e9 au sommet de la colline du m\u00eame nom ; Au c\u0153ur de la ville et au pied du Gibralfaro se trouve l&rsquo;Alcazaba, un palais-forteresse musulman de l&rsquo;\u00e9poque nasride.<br \/>Apr\u00e8s la conqu\u00eate chr\u00e9tienne, l&rsquo;imposante cath\u00e9drale de l&rsquo;Incarnation a \u00e9t\u00e9 construite, \u00e0 c\u00f4t\u00e9 de laquelle se trouve le palais \u00e9piscopal, avec une belle fa\u00e7ade baroque.<\/li>\n<li><a href=\"https:\/\/www.alcazabamalaga.com\/es\/\" target=\"_blank\" rel=\"noopener noreferrer\">La citadelle.<\/a><\/li>\n<li><a href=\"https:\/\/malagacatedral.com\/\" target=\"_blank\" rel=\"noopener noreferrer\">La cath\u00e9dral.<\/a><\/li>\n<li><a href=\"https:\/\/www.juntadeandalucia.es\/cultura\/enclaves\/enclave-arqueologico-teatro-romano-de-malaga\" target=\"_blank\" rel=\"noopener noreferrer\">Le Th\u00e9\u00e2tre Romain.<\/a><\/li>\n<li><a href=\"https:\/\/alcazabaygibralfaro.malaga.eu\/es\/\" target=\"_blank\" rel=\"noopener noreferrer\">Ch\u00e2teau de Gibralfaro.<\/a><\/li>\n<li><a href=\"https:\/\/laconcepcion.malaga.eu\/\" target=\"_blank\" rel=\"noopener noreferrer\">Jardin botanique.<\/a><\/li>\n<\/ul>\n<h5>mus\u00e9es<\/h5>\n<p>Mus\u00e9e des miniatures, Torrox <a href=\"https:\/\/www.malaga.es\/es\/turismo\/patrimonio\/lis_cd-4135\/museo-de-las-miniaturas\" target=\"_blank\" rel=\"noopener noreferrer\">museo-de-las-miniaturas<\/a><\/p>\n<p>Mus\u00e9e de Nerja <a href=\"https:\/\/www.cuevadenerja.es\/museodenerja\/\" target=\"_blank\" rel=\"noopener noreferrer\">cuevadenerja.es\/museodenerja<\/a><\/p>\n<p>Museo Pompid\u00fa en M\u00e1laga <a href=\"https:\/\/centrepompidou-malaga.eu\/\" target=\"_blank\" rel=\"noopener noreferrer\">centrepompidou-malaga.eu<\/a><\/p>\n<p>Mus\u00e9e Picasso de Malaga <a href=\"https:\/\/www.museopicassomalaga.org\/\" target=\"_blank\" rel=\"noopener noreferrer\">museopicassomalaga.org<\/a><\/p>\n<p>Mus\u00e9e Interactif de la Musique, Malaga <a href=\"https:\/\/www.musicaenaccion.com\/\" target=\"_blank\" rel=\"noopener noreferrer\">www.musicaenaccion.com<\/a><\/p>\n<p>Mus\u00e9e de l&rsquo;Imaginaire, Malaga <a href=\"http:\/\/www.museoimaginacion.com\/\" target=\"_blank\" rel=\"noopener noreferrer\">museoimaginacion.com<\/a><\/p>\n<h5>musique et spectacle<\/h5>\n<p>\u00c9v\u00e9nements dans les grottes de Nerja <a href=\"https:\/\/www.cuevadenerja.es\/\" target=\"_blank\" rel=\"noopener noreferrer\">www.cuevadenerja.es<\/a><\/p>\n<p>Starlite Marbella <a href=\"https:\/\/starlitemarbella.com\/es\/\" target=\"_blank\" rel=\"noopener noreferrer\">starlitemarbella.com\/es<\/a><\/p>\n<p>Mare Nostrum, Fuengirola <a href=\"https:\/\/marenostrumfuengirola.com\/\" target=\"_blank\" rel=\"noopener noreferrer\">marenostrumfuengirola.com<\/a><\/p>\n\t\t\t\t\t\t\t\t<\/div>\n\t\t\t\t<\/div>\n\t\t\t\t\t<\/div>\n\t\t\t\t<\/div>\n\t\t<div class=\"elementor-element elementor-element-e391c7e e-flex e-con-boxed e-con e-parent\" data-id=\"e391c7e\" data-element_type=\"container\">\n\t\t\t\t\t<div class=\"e-con-inner\">\n\t\t\t\t<div class=\"elementor-element elementor-element-2957dc8 elementor-widget elementor-widget-heading\" data-id=\"2957dc8\" data-element_type=\"widget\" data-widget_type=\"heading.default\">\n\t\t\t\t<div class=\"elementor-widget-container\">\n\t\t\t\t\t<h2 class=\"elementor-heading-title elementor-size-default\">Autres activit\u00e9s<\/h2>\t\t\t\t<\/div>\n\t\t\t\t<\/div>\n\t\t\t\t\t<\/div>\n\t\t\t\t<\/div>\n\t\t<div class=\"elementor-element elementor-element-307bd0f e-flex e-con-boxed e-con e-parent\" data-id=\"307bd0f\" data-element_type=\"container\">\n\t\t\t\t\t<div class=\"e-con-inner\">\n\t\t<div class=\"elementor-element elementor-element-301022c e-con-full e-flex e-con e-parent\" data-id=\"301022c\" data-element_type=\"container\" data-settings=\"{&quot;background_background&quot;:&quot;classic&quot;}\">\n\t\t\t\t<div class=\"elementor-element elementor-element-21b0464 aspect-ratio-4-2 elementor-widget elementor-widget-image\" data-id=\"21b0464\" data-element_type=\"widget\" data-widget_type=\"image.default\">\n\t\t\t\t<div class=\"elementor-widget-container\">\n\t\t\t\t\t\t\t\t\t\t\t\t\t\t\t\t<a href=\"https:\/\/www.cortijoamaya.com\/informacion-turistica\/las-cuevas-de-nerja\/\">\n\t\t\t\t\t\t\t<img decoding=\"async\" width=\"800\" height=\"530\" src=\"https:\/\/www.cortijoamaya.com\/wp-content\/uploads\/formaciones-cuevas-nerja-estalactitas-estalagmitas-famosas-cuevas-nerja-malaga-spa-1024x678.jpg\" class=\"attachment-large size-large wp-image-1071\" alt=\"\" srcset=\"https:\/\/www.cortijoamaya.com\/wp-content\/uploads\/formaciones-cuevas-nerja-estalactitas-estalagmitas-famosas-cuevas-nerja-malaga-spa-1024x678.jpg 1024w, https:\/\/www.cortijoamaya.com\/wp-content\/uploads\/formaciones-cuevas-nerja-estalactitas-estalagmitas-famosas-cuevas-nerja-malaga-spa-300x199.jpg 300w, https:\/\/www.cortijoamaya.com\/wp-content\/uploads\/formaciones-cuevas-nerja-estalactitas-estalagmitas-famosas-cuevas-nerja-malaga-spa-768x508.jpg 768w, https:\/\/www.cortijoamaya.com\/wp-content\/uploads\/formaciones-cuevas-nerja-estalactitas-estalagmitas-famosas-cuevas-nerja-malaga-spa-1536x1017.jpg 1536w, https:\/\/www.cortijoamaya.com\/wp-content\/uploads\/formaciones-cuevas-nerja-estalactitas-estalagmitas-famosas-cuevas-nerja-malaga-spa.jpg 1920w\" sizes=\"(max-width: 800px) 100vw, 800px\" \/>\t\t\t\t\t\t\t\t<\/a>\n\t\t\t\t\t\t\t\t\t\t\t\t\t\t\t<\/div>\n\t\t\t\t<\/div>\n\t\t\t\t<div class=\"elementor-element elementor-element-b048d14 elementor-widget elementor-widget-heading\" data-id=\"b048d14\" data-element_type=\"widget\" data-widget_type=\"heading.default\">\n\t\t\t\t<div class=\"elementor-widget-container\">\n\t\t\t\t\t<h6 class=\"elementor-heading-title elementor-size-default\"><a href=\"https:\/\/www.cortijoamaya.com\/informacion-turistica\/las-cuevas-de-nerja\/\">Les grottes de Nerja<\/a><\/h6>\t\t\t\t<\/div>\n\t\t\t\t<\/div>\n\t\t\t\t<\/div>\n\t\t<div class=\"elementor-element elementor-element-c256b8a e-con-full e-flex e-con e-parent\" data-id=\"c256b8a\" data-element_type=\"container\" data-settings=\"{&quot;background_background&quot;:&quot;classic&quot;}\">\n\t\t\t\t<div class=\"elementor-element elementor-element-c0db6b6 aspect-ratio-4-2 elementor-widget elementor-widget-image\" data-id=\"c0db6b6\" data-element_type=\"widget\" data-widget_type=\"image.default\">\n\t\t\t\t<div class=\"elementor-widget-container\">\n\t\t\t\t\t\t\t\t\t\t\t\t\t\t\t\t<a href=\"https:\/\/www.cortijoamaya.com\/informacion-turistica\/playas\/\">\n\t\t\t\t\t\t\t<img decoding=\"async\" width=\"800\" height=\"400\" src=\"https:\/\/www.cortijoamaya.com\/wp-content\/uploads\/arc_19519_g-1024x512.webp\" class=\"attachment-large size-large wp-image-1401\" alt=\"\" srcset=\"https:\/\/www.cortijoamaya.com\/wp-content\/uploads\/arc_19519_g-1024x512.webp 1024w, https:\/\/www.cortijoamaya.com\/wp-content\/uploads\/arc_19519_g-300x150.webp 300w, https:\/\/www.cortijoamaya.com\/wp-content\/uploads\/arc_19519_g-768x384.webp 768w, https:\/\/www.cortijoamaya.com\/wp-content\/uploads\/arc_19519_g-1536x768.webp 1536w, https:\/\/www.cortijoamaya.com\/wp-content\/uploads\/arc_19519_g.webp 1550w\" sizes=\"(max-width: 800px) 100vw, 800px\" \/>\t\t\t\t\t\t\t\t<\/a>\n\t\t\t\t\t\t\t\t\t\t\t\t\t\t\t<\/div>\n\t\t\t\t<\/div>\n\t\t\t\t<div class=\"elementor-element elementor-element-0b084e1 elementor-widget elementor-widget-heading\" data-id=\"0b084e1\" data-element_type=\"widget\" data-widget_type=\"heading.default\">\n\t\t\t\t<div class=\"elementor-widget-container\">\n\t\t\t\t\t<h6 class=\"elementor-heading-title elementor-size-default\"><a href=\"https:\/\/www.cortijoamaya.com\/informacion-turistica\/playas\/\">Des plages<\/a><\/h6>\t\t\t\t<\/div>\n\t\t\t\t<\/div>\n\t\t\t\t<\/div>\n\t\t<div class=\"elementor-element elementor-element-54ac093 e-con-full e-flex e-con e-parent\" data-id=\"54ac093\" data-element_type=\"container\" data-settings=\"{&quot;background_background&quot;:&quot;classic&quot;}\">\n\t\t\t\t<div class=\"elementor-element elementor-element-666a867 aspect-ratio-4-2 elementor-widget elementor-widget-image\" data-id=\"666a867\" data-element_type=\"widget\" data-widget_type=\"image.default\">\n\t\t\t\t<div class=\"elementor-widget-container\">\n\t\t\t\t\t\t\t\t\t\t\t\t\t\t\t\t<a href=\"https:\/\/www.cortijoamaya.com\/informacion-turistica\/mercadillos-de-la-zona\/\">\n\t\t\t\t\t\t\t<img loading=\"lazy\" decoding=\"async\" width=\"800\" height=\"450\" src=\"https:\/\/www.cortijoamaya.com\/wp-content\/uploads\/20170717_212002-1024x576.jpg\" class=\"attachment-large size-large wp-image-1081\" alt=\"\" srcset=\"https:\/\/www.cortijoamaya.com\/wp-content\/uploads\/20170717_212002-1024x576.jpg 1024w, https:\/\/www.cortijoamaya.com\/wp-content\/uploads\/20170717_212002-300x169.jpg 300w, https:\/\/www.cortijoamaya.com\/wp-content\/uploads\/20170717_212002-768x432.jpg 768w, https:\/\/www.cortijoamaya.com\/wp-content\/uploads\/20170717_212002-1536x864.jpg 1536w, https:\/\/www.cortijoamaya.com\/wp-content\/uploads\/20170717_212002.jpg 1920w\" sizes=\"(max-width: 800px) 100vw, 800px\" \/>\t\t\t\t\t\t\t\t<\/a>\n\t\t\t\t\t\t\t\t\t\t\t\t\t\t\t<\/div>\n\t\t\t\t<\/div>\n\t\t\t\t<div class=\"elementor-element elementor-element-254dec2 elementor-widget elementor-widget-heading\" data-id=\"254dec2\" data-element_type=\"widget\" data-widget_type=\"heading.default\">\n\t\t\t\t<div class=\"elementor-widget-container\">\n\t\t\t\t\t<h6 class=\"elementor-heading-title elementor-size-default\"><a href=\"https:\/\/www.cortijoamaya.com\/informacion-turistica\/mercadillos-de-la-zona\/\">Les march\u00e9s de la r\u00e9gion<\/a><\/h6>\t\t\t\t<\/div>\n\t\t\t\t<\/div>\n\t\t\t\t<\/div>\n\t\t<div class=\"elementor-element elementor-element-edb7535 e-con-full e-flex e-con e-parent\" data-id=\"edb7535\" data-element_type=\"container\" data-settings=\"{&quot;background_background&quot;:&quot;classic&quot;}\">\n\t\t\t\t<div class=\"elementor-element elementor-element-a01e1ed aspect-ratio-4-2 elementor-widget elementor-widget-image\" data-id=\"a01e1ed\" data-element_type=\"widget\" data-widget_type=\"image.default\">\n\t\t\t\t<div class=\"elementor-widget-container\">\n\t\t\t\t\t\t\t\t\t\t\t\t\t\t\t\t<a href=\"https:\/\/www.cortijoamaya.com\/informacion-turistica\/rutas-y-parques-naturales\/\">\n\t\t\t\t\t\t\t<img loading=\"lazy\" decoding=\"async\" width=\"800\" height=\"495\" src=\"https:\/\/www.cortijoamaya.com\/wp-content\/uploads\/2-klFH-U90761598022nG-984x608@Diario-Sur.jpg\" class=\"attachment-large size-large wp-image-1082\" alt=\"\" srcset=\"https:\/\/www.cortijoamaya.com\/wp-content\/uploads\/2-klFH-U90761598022nG-984x608@Diario-Sur.jpg 983w, https:\/\/www.cortijoamaya.com\/wp-content\/uploads\/2-klFH-U90761598022nG-984x608@Diario-Sur-300x186.jpg 300w, https:\/\/www.cortijoamaya.com\/wp-content\/uploads\/2-klFH-U90761598022nG-984x608@Diario-Sur-768x475.jpg 768w\" sizes=\"(max-width: 800px) 100vw, 800px\" \/>\t\t\t\t\t\t\t\t<\/a>\n\t\t\t\t\t\t\t\t\t\t\t\t\t\t\t<\/div>\n\t\t\t\t<\/div>\n\t\t\t\t<div class=\"elementor-element elementor-element-acb9e9c elementor-widget elementor-widget-heading\" data-id=\"acb9e9c\" data-element_type=\"widget\" data-widget_type=\"heading.default\">\n\t\t\t\t<div class=\"elementor-widget-container\">\n\t\t\t\t\t<h6 class=\"elementor-heading-title elementor-size-default\"><a href=\"https:\/\/www.cortijoamaya.com\/informacion-turistica\/rutas-y-parques-naturales\/\">Routes et parcs naturels<\/a><\/h6>\t\t\t\t<\/div>\n\t\t\t\t<\/div>\n\t\t\t\t<\/div>\n\t\t<div class=\"elementor-element elementor-element-e91011c e-con-full e-flex e-con e-parent\" data-id=\"e91011c\" data-element_type=\"container\" data-settings=\"{&quot;background_background&quot;:&quot;classic&quot;}\">\n\t\t\t\t<div class=\"elementor-element elementor-element-df0f033 aspect-ratio-4-2 elementor-widget elementor-widget-image\" data-id=\"df0f033\" data-element_type=\"widget\" data-widget_type=\"image.default\">\n\t\t\t\t<div class=\"elementor-widget-container\">\n\t\t\t\t\t\t\t\t\t\t\t\t\t\t\t\t<a href=\"https:\/\/www.cortijoamaya.com\/informacion-turistica\/arte-monumentos-museos-conciertos\/\">\n\t\t\t\t\t\t\t<img loading=\"lazy\" decoding=\"async\" width=\"800\" height=\"600\" src=\"https:\/\/www.cortijoamaya.com\/wp-content\/uploads\/cannot-be-missed-1024x768.jpg\" class=\"attachment-large size-large wp-image-1524\" alt=\"\" srcset=\"https:\/\/www.cortijoamaya.com\/wp-content\/uploads\/cannot-be-missed-1024x768.jpg 1024w, https:\/\/www.cortijoamaya.com\/wp-content\/uploads\/cannot-be-missed-300x225.jpg 300w, https:\/\/www.cortijoamaya.com\/wp-content\/uploads\/cannot-be-missed-768x576.jpg 768w, https:\/\/www.cortijoamaya.com\/wp-content\/uploads\/cannot-be-missed.jpg 1200w\" sizes=\"(max-width: 800px) 100vw, 800px\" \/>\t\t\t\t\t\t\t\t<\/a>\n\t\t\t\t\t\t\t\t\t\t\t\t\t\t\t<\/div>\n\t\t\t\t<\/div>\n\t\t\t\t<div class=\"elementor-element elementor-element-93aea14 elementor-widget elementor-widget-heading\" data-id=\"93aea14\" data-element_type=\"widget\" data-widget_type=\"heading.default\">\n\t\t\t\t<div class=\"elementor-widget-container\">\n\t\t\t\t\t<h6 class=\"elementor-heading-title elementor-size-default\"><a href=\"https:\/\/www.cortijoamaya.com\/informacion-turistica\/arte-monumentos-museos-conciertos\/\">Art - Monuments - Mus\u00e9es - Concerts<\/a><\/h6>\t\t\t\t<\/div>\n\t\t\t\t<\/div>\n\t\t\t\t<\/div>\n\t\t<div class=\"elementor-element elementor-element-b22be3f e-con-full e-flex e-con e-parent\" data-id=\"b22be3f\" data-element_type=\"container\" data-settings=\"{&quot;background_background&quot;:&quot;classic&quot;}\">\n\t\t\t\t<div class=\"elementor-element elementor-element-85fdb74 aspect-ratio-4-2 elementor-widget elementor-widget-image\" data-id=\"85fdb74\" data-element_type=\"widget\" data-widget_type=\"image.default\">\n\t\t\t\t<div class=\"elementor-widget-container\">\n\t\t\t\t\t\t\t\t\t\t\t\t\t\t\t\t<a href=\"https:\/\/www.cortijoamaya.com\/informacion-turistica\/deportes-y-aventura\/\">\n\t\t\t\t\t\t\t<img loading=\"lazy\" decoding=\"async\" width=\"640\" height=\"420\" src=\"https:\/\/www.cortijoamaya.com\/wp-content\/uploads\/rafting-rio-genil.jpg\" class=\"attachment-large size-large wp-image-1084\" alt=\"\" srcset=\"https:\/\/www.cortijoamaya.com\/wp-content\/uploads\/rafting-rio-genil.jpg 640w, https:\/\/www.cortijoamaya.com\/wp-content\/uploads\/rafting-rio-genil-300x197.jpg 300w\" sizes=\"(max-width: 640px) 100vw, 640px\" \/>\t\t\t\t\t\t\t\t<\/a>\n\t\t\t\t\t\t\t\t\t\t\t\t\t\t\t<\/div>\n\t\t\t\t<\/div>\n\t\t\t\t<div class=\"elementor-element elementor-element-78e6649 elementor-widget elementor-widget-heading\" data-id=\"78e6649\" data-element_type=\"widget\" data-widget_type=\"heading.default\">\n\t\t\t\t<div class=\"elementor-widget-container\">\n\t\t\t\t\t<h6 class=\"elementor-heading-title elementor-size-default\"><a href=\"https:\/\/www.cortijoamaya.com\/informacion-turistica\/deportes-y-aventura\/\">sport et aventure<\/a><\/h6>\t\t\t\t<\/div>\n\t\t\t\t<\/div>\n\t\t\t\t<\/div>\n\t\t\t\t\t<\/div>\n\t\t\t\t<\/div>\n\t\t\t\t<\/div>\n\t\t","protected":false},"excerpt":{"rendered":"<p>Visites exceptionnelles \u00e0 Torrox et ses environs Complexe romain du phare de Torrox (villa romaine, thermes, n\u00e9cropole&#8230;), \u00e9glise paroissiale de Nuestra Se\u00f1ora de la Encarnaci\u00f3n, ermitage et couvent de Nuestra Se\u00f1ora de las Nieves, \u00e9glise de San Roque, Casa de la Moneda, la tour de Gui, etc. Que faire \u00e0 Torrox : torrox.costasur.com Que faire [&hellip;]<\/p>\n","protected":false},"author":2,"featured_media":1524,"parent":1267,"menu_order":5,"comment_status":"closed","ping_status":"closed","template":"elementor_header_footer","meta":{"footnotes":""},"class_list":["post-1318","page","type-page","status-publish","has-post-thumbnail","hentry"],"yoast_head":"<!-- This site is optimized with the Yoast SEO plugin v26.6 - https:\/\/yoast.com\/wordpress\/plugins\/seo\/ -->\n<title>Art - Monuments - Mus\u00e9es - Concerts - Cortijo Amaya<\/title>\n<meta name=\"robots\" content=\"index, follow, max-snippet:-1, max-image-preview:large, max-video-preview:-1\" \/>\n<link rel=\"canonical\" href=\"https:\/\/www.cortijoamaya.com\/fr\/information-touristique\/art-monuments-musees-concerts\/\" \/>\n<meta property=\"og:locale\" content=\"fr_FR\" \/>\n<meta property=\"og:type\" content=\"article\" \/>\n<meta property=\"og:title\" content=\"Art - Monuments - Mus\u00e9es - Concerts - Cortijo Amaya\" \/>\n<meta property=\"og:description\" content=\"Visites exceptionnelles \u00e0 Torrox et ses environs Complexe romain du phare de Torrox (villa romaine, thermes, n\u00e9cropole&#8230;), \u00e9glise paroissiale de Nuestra Se\u00f1ora de la Encarnaci\u00f3n, ermitage et couvent de Nuestra Se\u00f1ora de las Nieves, \u00e9glise de San Roque, Casa de la Moneda, la tour de Gui, etc. Que faire \u00e0 Torrox : torrox.costasur.com Que faire [&hellip;]\" \/>\n<meta property=\"og:url\" content=\"https:\/\/www.cortijoamaya.com\/fr\/information-touristique\/art-monuments-musees-concerts\/\" \/>\n<meta property=\"og:site_name\" content=\"Cortijo Amaya\" \/>\n<meta property=\"article:publisher\" content=\"https:\/\/www.facebook.com\/CortijoAmaya\/\" \/>\n<meta property=\"article:modified_time\" content=\"2023-06-07T12:12:55+00:00\" \/>\n<meta property=\"og:image\" content=\"https:\/\/www.cortijoamaya.com\/wp-content\/uploads\/cannot-be-missed.jpg\" \/>\n\t<meta property=\"og:image:width\" content=\"1200\" \/>\n\t<meta property=\"og:image:height\" content=\"900\" \/>\n\t<meta property=\"og:image:type\" content=\"image\/jpeg\" \/>\n<meta name=\"twitter:card\" content=\"summary_large_image\" \/>\n<meta name=\"twitter:site\" content=\"@CortijoAmaya\" \/>\n<meta name=\"twitter:label1\" content=\"Dur\u00e9e de lecture estim\u00e9e\" \/>\n\t<meta name=\"twitter:data1\" content=\"2 minutes\" \/>\n<script type=\"application\/ld+json\" class=\"yoast-schema-graph\">{\"@context\":\"https:\/\/schema.org\",\"@graph\":[{\"@type\":\"WebPage\",\"@id\":\"https:\/\/www.cortijoamaya.com\/fr\/information-touristique\/art-monuments-musees-concerts\/\",\"url\":\"https:\/\/www.cortijoamaya.com\/fr\/information-touristique\/art-monuments-musees-concerts\/\",\"name\":\"Art - Monuments - Mus\u00e9es - Concerts - Cortijo Amaya\",\"isPartOf\":{\"@id\":\"https:\/\/www.cortijoamaya.com\/fr\/#website\"},\"primaryImageOfPage\":{\"@id\":\"https:\/\/www.cortijoamaya.com\/fr\/information-touristique\/art-monuments-musees-concerts\/#primaryimage\"},\"image\":{\"@id\":\"https:\/\/www.cortijoamaya.com\/fr\/information-touristique\/art-monuments-musees-concerts\/#primaryimage\"},\"thumbnailUrl\":\"https:\/\/www.cortijoamaya.com\/wp-content\/uploads\/cannot-be-missed.jpg\",\"datePublished\":\"2023-06-06T23:56:59+00:00\",\"dateModified\":\"2023-06-07T12:12:55+00:00\",\"breadcrumb\":{\"@id\":\"https:\/\/www.cortijoamaya.com\/fr\/information-touristique\/art-monuments-musees-concerts\/#breadcrumb\"},\"inLanguage\":\"fr-FR\",\"potentialAction\":[{\"@type\":\"ReadAction\",\"target\":[\"https:\/\/www.cortijoamaya.com\/fr\/information-touristique\/art-monuments-musees-concerts\/\"]}]},{\"@type\":\"ImageObject\",\"inLanguage\":\"fr-FR\",\"@id\":\"https:\/\/www.cortijoamaya.com\/fr\/information-touristique\/art-monuments-musees-concerts\/#primaryimage\",\"url\":\"https:\/\/www.cortijoamaya.com\/wp-content\/uploads\/cannot-be-missed.jpg\",\"contentUrl\":\"https:\/\/www.cortijoamaya.com\/wp-content\/uploads\/cannot-be-missed.jpg\",\"width\":1200,\"height\":900},{\"@type\":\"BreadcrumbList\",\"@id\":\"https:\/\/www.cortijoamaya.com\/fr\/information-touristique\/art-monuments-musees-concerts\/#breadcrumb\",\"itemListElement\":[{\"@type\":\"ListItem\",\"position\":1,\"name\":\"Portada\",\"item\":\"https:\/\/www.cortijoamaya.com\/fr\/\"},{\"@type\":\"ListItem\",\"position\":2,\"name\":\"Information touristique\",\"item\":\"https:\/\/www.cortijoamaya.com\/fr\/informacion-turistica\/\"},{\"@type\":\"ListItem\",\"position\":3,\"name\":\"Art &#8211; Monuments &#8211; Mus\u00e9es &#8211; Concerts\"}]},{\"@type\":\"WebSite\",\"@id\":\"https:\/\/www.cortijoamaya.com\/fr\/#website\",\"url\":\"https:\/\/www.cortijoamaya.com\/fr\/\",\"name\":\"Cortijo Amaya\",\"description\":\"Cortijo Amaya\",\"publisher\":{\"@id\":\"https:\/\/www.cortijoamaya.com\/fr\/#organization\"},\"potentialAction\":[{\"@type\":\"SearchAction\",\"target\":{\"@type\":\"EntryPoint\",\"urlTemplate\":\"https:\/\/www.cortijoamaya.com\/fr\/?s={search_term_string}\"},\"query-input\":{\"@type\":\"PropertyValueSpecification\",\"valueRequired\":true,\"valueName\":\"search_term_string\"}}],\"inLanguage\":\"fr-FR\"},{\"@type\":\"Organization\",\"@id\":\"https:\/\/www.cortijoamaya.com\/fr\/#organization\",\"name\":\"Cortijo Amaya\",\"url\":\"https:\/\/www.cortijoamaya.com\/fr\/\",\"logo\":{\"@type\":\"ImageObject\",\"inLanguage\":\"fr-FR\",\"@id\":\"https:\/\/www.cortijoamaya.com\/fr\/#\/schema\/logo\/image\/\",\"url\":\"https:\/\/www.cortijoamaya.com\/wp-content\/uploads\/cropped-cropped-cropped-Logo-1-CORTIJO-AMAYA.png\",\"contentUrl\":\"https:\/\/www.cortijoamaya.com\/wp-content\/uploads\/cropped-cropped-cropped-Logo-1-CORTIJO-AMAYA.png\",\"width\":328,\"height\":300,\"caption\":\"Cortijo Amaya\"},\"image\":{\"@id\":\"https:\/\/www.cortijoamaya.com\/fr\/#\/schema\/logo\/image\/\"},\"sameAs\":[\"https:\/\/www.facebook.com\/CortijoAmaya\/\",\"https:\/\/x.com\/CortijoAmaya\"]}]}<\/script>\n<!-- \/ Yoast SEO plugin. -->","yoast_head_json":{"title":"Art - Monuments - Mus\u00e9es - Concerts - Cortijo Amaya","robots":{"index":"index","follow":"follow","max-snippet":"max-snippet:-1","max-image-preview":"max-image-preview:large","max-video-preview":"max-video-preview:-1"},"canonical":"https:\/\/www.cortijoamaya.com\/fr\/information-touristique\/art-monuments-musees-concerts\/","og_locale":"fr_FR","og_type":"article","og_title":"Art - Monuments - Mus\u00e9es - Concerts - Cortijo Amaya","og_description":"Visites exceptionnelles \u00e0 Torrox et ses environs Complexe romain du phare de Torrox (villa romaine, thermes, n\u00e9cropole&#8230;), \u00e9glise paroissiale de Nuestra Se\u00f1ora de la Encarnaci\u00f3n, ermitage et couvent de Nuestra Se\u00f1ora de las Nieves, \u00e9glise de San Roque, Casa de la Moneda, la tour de Gui, etc. Que faire \u00e0 Torrox : torrox.costasur.com Que faire [&hellip;]","og_url":"https:\/\/www.cortijoamaya.com\/fr\/information-touristique\/art-monuments-musees-concerts\/","og_site_name":"Cortijo Amaya","article_publisher":"https:\/\/www.facebook.com\/CortijoAmaya\/","article_modified_time":"2023-06-07T12:12:55+00:00","og_image":[{"width":1200,"height":900,"url":"https:\/\/www.cortijoamaya.com\/wp-content\/uploads\/cannot-be-missed.jpg","type":"image\/jpeg"}],"twitter_card":"summary_large_image","twitter_site":"@CortijoAmaya","twitter_misc":{"Dur\u00e9e de lecture estim\u00e9e":"2 minutes"},"schema":{"@context":"https:\/\/schema.org","@graph":[{"@type":"WebPage","@id":"https:\/\/www.cortijoamaya.com\/fr\/information-touristique\/art-monuments-musees-concerts\/","url":"https:\/\/www.cortijoamaya.com\/fr\/information-touristique\/art-monuments-musees-concerts\/","name":"Art - Monuments - Mus\u00e9es - Concerts - Cortijo Amaya","isPartOf":{"@id":"https:\/\/www.cortijoamaya.com\/fr\/#website"},"primaryImageOfPage":{"@id":"https:\/\/www.cortijoamaya.com\/fr\/information-touristique\/art-monuments-musees-concerts\/#primaryimage"},"image":{"@id":"https:\/\/www.cortijoamaya.com\/fr\/information-touristique\/art-monuments-musees-concerts\/#primaryimage"},"thumbnailUrl":"https:\/\/www.cortijoamaya.com\/wp-content\/uploads\/cannot-be-missed.jpg","datePublished":"2023-06-06T23:56:59+00:00","dateModified":"2023-06-07T12:12:55+00:00","breadcrumb":{"@id":"https:\/\/www.cortijoamaya.com\/fr\/information-touristique\/art-monuments-musees-concerts\/#breadcrumb"},"inLanguage":"fr-FR","potentialAction":[{"@type":"ReadAction","target":["https:\/\/www.cortijoamaya.com\/fr\/information-touristique\/art-monuments-musees-concerts\/"]}]},{"@type":"ImageObject","inLanguage":"fr-FR","@id":"https:\/\/www.cortijoamaya.com\/fr\/information-touristique\/art-monuments-musees-concerts\/#primaryimage","url":"https:\/\/www.cortijoamaya.com\/wp-content\/uploads\/cannot-be-missed.jpg","contentUrl":"https:\/\/www.cortijoamaya.com\/wp-content\/uploads\/cannot-be-missed.jpg","width":1200,"height":900},{"@type":"BreadcrumbList","@id":"https:\/\/www.cortijoamaya.com\/fr\/information-touristique\/art-monuments-musees-concerts\/#breadcrumb","itemListElement":[{"@type":"ListItem","position":1,"name":"Portada","item":"https:\/\/www.cortijoamaya.com\/fr\/"},{"@type":"ListItem","position":2,"name":"Information touristique","item":"https:\/\/www.cortijoamaya.com\/fr\/informacion-turistica\/"},{"@type":"ListItem","position":3,"name":"Art &#8211; Monuments &#8211; Mus\u00e9es &#8211; Concerts"}]},{"@type":"WebSite","@id":"https:\/\/www.cortijoamaya.com\/fr\/#website","url":"https:\/\/www.cortijoamaya.com\/fr\/","name":"Cortijo Amaya","description":"Cortijo Amaya","publisher":{"@id":"https:\/\/www.cortijoamaya.com\/fr\/#organization"},"potentialAction":[{"@type":"SearchAction","target":{"@type":"EntryPoint","urlTemplate":"https:\/\/www.cortijoamaya.com\/fr\/?s={search_term_string}"},"query-input":{"@type":"PropertyValueSpecification","valueRequired":true,"valueName":"search_term_string"}}],"inLanguage":"fr-FR"},{"@type":"Organization","@id":"https:\/\/www.cortijoamaya.com\/fr\/#organization","name":"Cortijo Amaya","url":"https:\/\/www.cortijoamaya.com\/fr\/","logo":{"@type":"ImageObject","inLanguage":"fr-FR","@id":"https:\/\/www.cortijoamaya.com\/fr\/#\/schema\/logo\/image\/","url":"https:\/\/www.cortijoamaya.com\/wp-content\/uploads\/cropped-cropped-cropped-Logo-1-CORTIJO-AMAYA.png","contentUrl":"https:\/\/www.cortijoamaya.com\/wp-content\/uploads\/cropped-cropped-cropped-Logo-1-CORTIJO-AMAYA.png","width":328,"height":300,"caption":"Cortijo Amaya"},"image":{"@id":"https:\/\/www.cortijoamaya.com\/fr\/#\/schema\/logo\/image\/"},"sameAs":["https:\/\/www.facebook.com\/CortijoAmaya\/","https:\/\/x.com\/CortijoAmaya"]}]}},"_links":{"self":[{"href":"https:\/\/www.cortijoamaya.com\/fr\/wp-json\/wp\/v2\/pages\/1318","targetHints":{"allow":["GET"]}}],"collection":[{"href":"https:\/\/www.cortijoamaya.com\/fr\/wp-json\/wp\/v2\/pages"}],"about":[{"href":"https:\/\/www.cortijoamaya.com\/fr\/wp-json\/wp\/v2\/types\/page"}],"author":[{"embeddable":true,"href":"https:\/\/www.cortijoamaya.com\/fr\/wp-json\/wp\/v2\/users\/2"}],"replies":[{"embeddable":true,"href":"https:\/\/www.cortijoamaya.com\/fr\/wp-json\/wp\/v2\/comments?post=1318"}],"version-history":[{"count":1,"href":"https:\/\/www.cortijoamaya.com\/fr\/wp-json\/wp\/v2\/pages\/1318\/revisions"}],"predecessor-version":[{"id":1319,"href":"https:\/\/www.cortijoamaya.com\/fr\/wp-json\/wp\/v2\/pages\/1318\/revisions\/1319"}],"up":[{"embeddable":true,"href":"https:\/\/www.cortijoamaya.com\/fr\/wp-json\/wp\/v2\/pages\/1267"}],"wp:featuredmedia":[{"embeddable":true,"href":"https:\/\/www.cortijoamaya.com\/fr\/wp-json\/wp\/v2\/media\/1524"}],"wp:attachment":[{"href":"https:\/\/www.cortijoamaya.com\/fr\/wp-json\/wp\/v2\/media?parent=1318"}],"curies":[{"name":"wp","href":"https:\/\/api.w.org\/{rel}","templated":true}]}}