{"id":1350,"date":"2023-06-06T23:55:33","date_gmt":"2023-06-06T23:55:33","guid":{"rendered":"https:\/\/www.cortijoamaya.com\/information-touristique\/des-plages\/"},"modified":"2023-06-29T08:31:12","modified_gmt":"2023-06-29T08:31:12","slug":"des-plages","status":"publish","type":"page","link":"https:\/\/www.cortijoamaya.com\/fr\/information-touristique\/des-plages\/","title":{"rendered":"Des plages"},"content":{"rendered":"\t\t<div data-elementor-type=\"wp-page\" data-elementor-id=\"1350\" class=\"elementor elementor-1350 elementor-1061\" data-elementor-post-type=\"page\">\n\t\t\t\t<div class=\"elementor-element elementor-element-0a8a261 e-flex e-con-boxed e-con e-parent\" data-id=\"0a8a261\" data-element_type=\"container\">\n\t\t\t\t\t<div class=\"e-con-inner\">\n\t\t\t\t<div class=\"elementor-element elementor-element-1a392b4 elementor-widget elementor-widget-heading\" data-id=\"1a392b4\" data-element_type=\"widget\" data-widget_type=\"heading.default\">\n\t\t\t\t<div class=\"elementor-widget-container\">\n\t\t\t\t\t<h1 class=\"elementor-heading-title elementor-size-default\">Des plages<\/h1>\t\t\t\t<\/div>\n\t\t\t\t<\/div>\n\t\t\t\t<div class=\"elementor-element elementor-element-c9d755b elementor-widget-divider--view-line elementor-widget elementor-widget-divider\" data-id=\"c9d755b\" data-element_type=\"widget\" data-widget_type=\"divider.default\">\n\t\t\t\t<div class=\"elementor-widget-container\">\n\t\t\t\t\t\t\t<div class=\"elementor-divider\">\n\t\t\t<span class=\"elementor-divider-separator\">\n\t\t\t\t\t\t<\/span>\n\t\t<\/div>\n\t\t\t\t\t\t<\/div>\n\t\t\t\t<\/div>\n\t\t\t\t<div class=\"elementor-element elementor-element-443acf2 aspect-ratio-4-1-5 elementor-widget elementor-widget-image\" data-id=\"443acf2\" data-element_type=\"widget\" data-widget_type=\"image.default\">\n\t\t\t\t<div class=\"elementor-widget-container\">\n\t\t\t\t\t\t\t\t\t\t\t\t\t\t\t<img fetchpriority=\"high\" decoding=\"async\" width=\"1550\" height=\"775\" src=\"https:\/\/www.cortijoamaya.com\/wp-content\/uploads\/arc_19519_g.webp\" class=\"attachment-full size-full wp-image-1401\" alt=\"\" srcset=\"https:\/\/www.cortijoamaya.com\/wp-content\/uploads\/arc_19519_g.webp 1550w, https:\/\/www.cortijoamaya.com\/wp-content\/uploads\/arc_19519_g-300x150.webp 300w, https:\/\/www.cortijoamaya.com\/wp-content\/uploads\/arc_19519_g-1024x512.webp 1024w, https:\/\/www.cortijoamaya.com\/wp-content\/uploads\/arc_19519_g-768x384.webp 768w, https:\/\/www.cortijoamaya.com\/wp-content\/uploads\/arc_19519_g-1536x768.webp 1536w\" sizes=\"(max-width: 1550px) 100vw, 1550px\" \/>\t\t\t\t\t\t\t\t\t\t\t\t\t\t\t<\/div>\n\t\t\t\t<\/div>\n\t\t\t\t\t<\/div>\n\t\t\t\t<\/div>\n\t\t<div class=\"elementor-element elementor-element-caa7a99 e-flex e-con-boxed e-con e-parent\" data-id=\"caa7a99\" data-element_type=\"container\">\n\t\t\t\t\t<div class=\"e-con-inner\">\n\t\t\t\t<div class=\"elementor-element elementor-element-c484d35 elementor-widget elementor-widget-heading\" data-id=\"c484d35\" data-element_type=\"widget\" data-widget_type=\"heading.default\">\n\t\t\t\t<div class=\"elementor-widget-container\">\n\t\t\t\t\t<h3 class=\"elementor-heading-title elementor-size-default\">plage de ferrare<\/h3>\t\t\t\t<\/div>\n\t\t\t\t<\/div>\n\t\t\t\t<div class=\"elementor-element elementor-element-54e767b p-mb-0 elementor-widget elementor-widget-text-editor\" data-id=\"54e767b\" data-element_type=\"widget\" data-widget_type=\"text-editor.default\">\n\t\t\t\t<div class=\"elementor-widget-container\">\n\t\t\t\t\t\t\t\t\t<p>P\u00e9riodiquement, la protection civile passe par la plage. Num\u00e9ro de t\u00e9l\u00e9phone de contact : 95 253 04 73.<br \/>Port de plaisance : La Caleta de V\u00e9lez \/ Distance : 14 km.<br \/>Comment s&rsquo;y rendre : En voiture<br \/>Comment s&rsquo;y rendre par la route : N-340<br \/>Ligne de bus : Urbaine<br \/>Parking &#8211; Parking : Oui, non gard\u00e9 Nbre de places &gt;200<br \/>Longueur : 1 200 m\u00e8tres<br \/>Largeur moyenne : 30 m\u00e8tres<br \/>Niveau d&rsquo;occupation : \u00c9lev\u00e9<br \/>Degr\u00e9 d&rsquo;urbanisation: Urbain<br \/>Type de plage : Sable<br \/>Type de sable : Fonc\u00e9<br \/>Conditions de baignade : Vagues mod\u00e9r\u00e9es<br \/>Zone prot\u00e9g\u00e9e : Non<br \/>Police locale : Oui 95 253 98 28<br \/>Croix Rouge : Oui 95 253 00 13<br \/>Plage tr\u00e8s \u00e9tendue et bien \u00e9quip\u00e9e, avec une ambiance familiale. L&rsquo;une des plages les plus fr\u00e9quent\u00e9es de Torrox, car elle est situ\u00e9e dans la partie la plus touristique. Nous vous recommandons d&rsquo;aller \u00e0 la hauteur entre l&rsquo;h\u00f4tel Iberostar &#8211; Laguna Beach Urbanization, car c&rsquo;est l\u00e0 qu&rsquo;il y a le plus de profondeur de sable. Beaucoup de bars de plage le long de la promenade.<\/p>\n\t\t\t\t\t\t\t\t<\/div>\n\t\t\t\t<\/div>\n\t\t\t\t\t<\/div>\n\t\t\t\t<\/div>\n\t\t<div class=\"elementor-element elementor-element-6bcba28 e-flex e-con-boxed e-con e-parent\" data-id=\"6bcba28\" data-element_type=\"container\">\n\t\t\t\t\t<div class=\"e-con-inner\">\n\t\t\t\t<div class=\"elementor-element elementor-element-e3d0a8c elementor-widget elementor-widget-heading\" data-id=\"e3d0a8c\" data-element_type=\"widget\" data-widget_type=\"heading.default\">\n\t\t\t\t<div class=\"elementor-widget-container\">\n\t\t\t\t\t<h3 class=\"elementor-heading-title elementor-size-default\">Plage El Morche<\/h3>\t\t\t\t<\/div>\n\t\t\t\t<\/div>\n\t\t\t\t<div class=\"elementor-element elementor-element-4d66698 p-mb-0 elementor-widget elementor-widget-text-editor\" data-id=\"4d66698\" data-element_type=\"widget\" data-widget_type=\"text-editor.default\">\n\t\t\t\t<div class=\"elementor-widget-container\">\n\t\t\t\t\t\t\t\t\t<p>P\u00e9riodiquement, la protection civile passe par la plage. Num\u00e9ro de t\u00e9l\u00e9phone de contact : 95 253 04 73.<br \/>Port de plaisance : La Caleta de V\u00e9lez \/ Distance : 12 km.<br \/>Comment s&rsquo;y rendre : En voiture<br \/>Comment s&rsquo;y rendre par la route : N-340<br \/>Ligne de bus : Urbaine<br \/>Parking &#8211; Parking : Oui\/Non gard\u00e9 Pas de places &gt;100<br \/>Longueur : 1 200 m\u00e8tres<br \/>Largeur moyenne : 40 m\u00e8tres<br \/>Niveau d&rsquo;occupation : \u00c9lev\u00e9<br \/>Degr\u00e9 d&rsquo;urbanisation: Urbain<br \/>Type de plage : Sable<br \/>Type de sable : Fonc\u00e9<br \/>Conditions de baignade : Vagues mod\u00e9r\u00e9es<br \/>Zone prot\u00e9g\u00e9e : Non<br \/>Police locale : Oui 95 253 98 28<br \/>Croix Rouge : Oui 95 253 00 13<br \/>Plage urbanis\u00e9e avec de bonnes installations, elle se trouve \u00e0 c\u00f4t\u00e9 de la plage de Ferrara, l&rsquo;une des plus fr\u00e9quent\u00e9es de Torrox. Cuenta con paseo mar\u00edtimo.<\/p>\n\t\t\t\t\t\t\t\t<\/div>\n\t\t\t\t<\/div>\n\t\t\t\t\t<\/div>\n\t\t\t\t<\/div>\n\t\t<div class=\"elementor-element elementor-element-22a44b6 e-flex e-con-boxed e-con e-parent\" data-id=\"22a44b6\" data-element_type=\"container\">\n\t\t\t\t\t<div class=\"e-con-inner\">\n\t\t\t\t<div class=\"elementor-element elementor-element-0bce75e elementor-widget elementor-widget-heading\" data-id=\"0bce75e\" data-element_type=\"widget\" data-widget_type=\"heading.default\">\n\t\t\t\t<div class=\"elementor-widget-container\">\n\t\t\t\t\t<h3 class=\"elementor-heading-title elementor-size-default\">Plage du Cenicero (Las Lindes)<\/h3>\t\t\t\t<\/div>\n\t\t\t\t<\/div>\n\t\t\t\t<div class=\"elementor-element elementor-element-e341019 p-mb-0 elementor-widget elementor-widget-text-editor\" data-id=\"e341019\" data-element_type=\"widget\" data-widget_type=\"text-editor.default\">\n\t\t\t\t<div class=\"elementor-widget-container\">\n\t\t\t\t\t\t\t\t\t<p>Port de plaisance : La Caleta de V\u00e9lez \/ Distance : 13 km.<br \/>Comment s&rsquo;y rendre : En voiture<br \/>Comment s&rsquo;y rendre par la route : N-340<br \/>Ligne de bus : Urbaine<br \/>Parking &#8211; Parking : Oui\/Non gard\u00e9 Pas de places &gt;100<\/p>\n<p>Longueur : 1 200 m\u00e8tres<br \/>Largeur moyenne : 40 m\u00e8tres<br \/>Niveau d&rsquo;occupation : Moyen<br \/>Degr\u00e9 d&rsquo;urbanisation: Urbain<br \/>Type de plage : Sable<br \/>Type de sable : Fonc\u00e9<br \/>Conditions de baignade : Vagues mod\u00e9r\u00e9es<br \/>Zone prot\u00e9g\u00e9e : Non<br \/>Police locale : Oui 95 253 98 28<br \/>Croix Rouge : Oui 95 253 00 13<br \/>Plage situ\u00e9e dans le quartier de Morche, qui offre de nombreux services. Plage avec beaucoup de profondeur de sable dans presque toute son extension. Bars de plage dans la partie est de la plage, dans le quartier de la station-service Repsol.<\/p>\n\t\t\t\t\t\t\t\t<\/div>\n\t\t\t\t<\/div>\n\t\t\t\t\t<\/div>\n\t\t\t\t<\/div>\n\t\t<div class=\"elementor-element elementor-element-4ab3da5 e-flex e-con-boxed e-con e-parent\" data-id=\"4ab3da5\" data-element_type=\"container\">\n\t\t\t\t\t<div class=\"e-con-inner\">\n\t\t\t\t<div class=\"elementor-element elementor-element-f546347 elementor-widget elementor-widget-heading\" data-id=\"f546347\" data-element_type=\"widget\" data-widget_type=\"heading.default\">\n\t\t\t\t<div class=\"elementor-widget-container\">\n\t\t\t\t\t<h3 class=\"elementor-heading-title elementor-size-default\">Plage de Mazagarrobo<\/h3>\t\t\t\t<\/div>\n\t\t\t\t<\/div>\n\t\t\t\t<div class=\"elementor-element elementor-element-e8526ca p-mb-0 elementor-widget elementor-widget-text-editor\" data-id=\"e8526ca\" data-element_type=\"widget\" data-widget_type=\"text-editor.default\">\n\t\t\t\t<div class=\"elementor-widget-container\">\n\t\t\t\t\t\t\t\t\t<p>Port de plaisance : La Caleta de V\u00e9lez \/ Distance : 18 km.<br \/>Comment s&rsquo;y rendre : En voiture<br \/>Comment s&rsquo;y rendre par la route : N-340<br \/>Ligne de bus : Interurbain (M\u00e1laga-Nerja) 25 m.<br \/>Parking &#8211; Parking : Oui\/Non gard\u00e9 Pas de places &lt;50<br \/>Longueur : 100-200 m\u00e8tres<br \/>Largeur moyenne : 20 m\u00e8tres<br \/>Niveau d&rsquo;occupation : Faible<br \/>Degr\u00e9 d&rsquo;urbanisation: Isol\u00e9<br \/>Type de plage : Sable<br \/>Type de sable : Fonc\u00e9<br \/>Conditions de baignade : Vagues mod\u00e9r\u00e9es<br \/>Zone prot\u00e9g\u00e9e : Non<br \/>Police locale : Non<br \/>Croix rouge : Non<br \/>Plage \u00e9troite \u00e0 c\u00f4t\u00e9 de la route N-340, avec peu de public et peu d&rsquo;installations et de services. Elle forme une unit\u00e9 avec la plage de Pe\u00f1oncillo.<\/p>\n\t\t\t\t\t\t\t\t<\/div>\n\t\t\t\t<\/div>\n\t\t\t\t\t<\/div>\n\t\t\t\t<\/div>\n\t\t<div class=\"elementor-element elementor-element-9ea595f e-flex e-con-boxed e-con e-parent\" data-id=\"9ea595f\" data-element_type=\"container\">\n\t\t\t\t\t<div class=\"e-con-inner\">\n\t\t\t\t<div class=\"elementor-element elementor-element-dcbabd9 elementor-widget elementor-widget-heading\" data-id=\"dcbabd9\" data-element_type=\"widget\" data-widget_type=\"heading.default\">\n\t\t\t\t<div class=\"elementor-widget-container\">\n\t\t\t\t\t<h3 class=\"elementor-heading-title elementor-size-default\">Plage du Pe\u00f1oncillo<\/h3>\t\t\t\t<\/div>\n\t\t\t\t<\/div>\n\t\t\t\t<div class=\"elementor-element elementor-element-3b9f20f p-mb-0 elementor-widget elementor-widget-text-editor\" data-id=\"3b9f20f\" data-element_type=\"widget\" data-widget_type=\"text-editor.default\">\n\t\t\t\t<div class=\"elementor-widget-container\">\n\t\t\t\t\t\t\t\t\t<p>Port de plaisance : La Caleta de V\u00e9lez \/ Distance : 17 km.<br \/>Comment s&rsquo;y rendre : En voiture<br \/>Comment s&rsquo;y rendre par la route : N-340<br \/>Ligne de bus : Urbaine<br \/>Parking &#8211; parking : Oui \/ Non gard\u00e9 Pas de places 100-200<br \/>Longueur : 1 400 m\u00e8tres<br \/>Largeur moyenne : 30 m\u00e8tres<br \/>Niveau d&rsquo;occupation : Moyen<br \/>Grado de urbanizaci\u00f3n: Semiurbana<br \/>Type de plage : Sable<br \/>Type de sable : Fonc\u00e9<br \/>Conditions de baignade : Vagues mod\u00e9r\u00e9es<br \/>Zone prot\u00e9g\u00e9e : Non<br \/>Police locale : Non<br \/>Croix Rouge : Oui 95 253 00 13<br \/>Plage \u00e9tendue et peu d\u00e9velopp\u00e9e, tr\u00e8s proche de la route N-340. Il a quelques services. Il forme une unit\u00e9 avec la plage de Mazagarrobo.<br \/>Le plus proche du Camping, avec une bonne profondeur de sable dans presque toute son extension, sauf du c\u00f4t\u00e9 est, o\u00f9 selon les courants vous pouvez vous retrouver avec une p\u00e9nurie de sable, cependant, quand il y en a, c&rsquo;est une bonne zone pour plong\u00e9e et tr\u00e8s belle pour ses rochers. De nombreux bars de plage sur la m\u00eame plage.<\/p>\n\t\t\t\t\t\t\t\t<\/div>\n\t\t\t\t<\/div>\n\t\t\t\t\t<\/div>\n\t\t\t\t<\/div>\n\t\t<div class=\"elementor-element elementor-element-46cecc8 e-flex e-con-boxed e-con e-parent\" data-id=\"46cecc8\" data-element_type=\"container\">\n\t\t\t\t\t<div class=\"e-con-inner\">\n\t\t\t\t<div class=\"elementor-element elementor-element-3180569 elementor-widget elementor-widget-heading\" data-id=\"3180569\" data-element_type=\"widget\" data-widget_type=\"heading.default\">\n\t\t\t\t<div class=\"elementor-widget-container\">\n\t\t\t\t\t<h3 class=\"elementor-heading-title elementor-size-default\">Plage de Calac\u00e9ite<\/h3>\t\t\t\t<\/div>\n\t\t\t\t<\/div>\n\t\t\t\t<div class=\"elementor-element elementor-element-4fac8c7 p-mb-0 elementor-widget elementor-widget-text-editor\" data-id=\"4fac8c7\" data-element_type=\"widget\" data-widget_type=\"text-editor.default\">\n\t\t\t\t<div class=\"elementor-widget-container\">\n\t\t\t\t\t\t\t\t\t<p>Port de plaisance : La Caleta de V\u00e9lez \/ Distance : 20 km.<br \/>Comment s&rsquo;y rendre : En voiture<br \/>Comment s&rsquo;y rendre par la route : N-340<br \/>Parking &#8211; Parking : Oui \/ Non gard\u00e9 Pas de places 30<br \/>Longueur : 100-500 m\u00e8tres<br \/>Largeur moyenne : 10-20 m\u00e8tres<br \/>Niveau d&rsquo;occupation : moyen\/faible<br \/>Degr\u00e9 d&rsquo;urbanisation: Isol\u00e9<br \/>Type de plage : Sable<br \/>Type de sable : Fonc\u00e9<br \/>Conditions de baignade : Vagues mod\u00e9r\u00e9es<br \/>Zone prot\u00e9g\u00e9e : Non<br \/>Police locale : Non<br \/>Croix rouge : Non<br \/>Petite plage situ\u00e9e \u00e0 c\u00f4t\u00e9 de la route N-340. Il n&rsquo;a pratiquement aucun \u00e9quipement.<\/p>\n\t\t\t\t\t\t\t\t<\/div>\n\t\t\t\t<\/div>\n\t\t\t\t\t<\/div>\n\t\t\t\t<\/div>\n\t\t<div class=\"elementor-element elementor-element-664b4f6 e-flex e-con-boxed e-con e-parent\" data-id=\"664b4f6\" data-element_type=\"container\">\n\t\t\t\t\t<div class=\"e-con-inner\">\n\t\t\t\t<div class=\"elementor-element elementor-element-1abab3c elementor-widget elementor-widget-heading\" data-id=\"1abab3c\" data-element_type=\"widget\" data-widget_type=\"heading.default\">\n\t\t\t\t<div class=\"elementor-widget-container\">\n\t\t\t\t\t<h3 class=\"elementor-heading-title elementor-size-default\">Plage de Wilches<\/h3>\t\t\t\t<\/div>\n\t\t\t\t<\/div>\n\t\t\t\t<div class=\"elementor-element elementor-element-1971cac p-mb-0 elementor-widget elementor-widget-text-editor\" data-id=\"1971cac\" data-element_type=\"widget\" data-widget_type=\"text-editor.default\">\n\t\t\t\t<div class=\"elementor-widget-container\">\n\t\t\t\t\t\t\t\t\t<p>Port de plaisance : La Caleta de V\u00e9lez \/ Distance : 22 km.<br \/>Comment s&rsquo;y rendre : En voiture<br \/>Comment s&rsquo;y rendre par la route : N-340<br \/>Parking &#8211; parking : Oui \/ Non gard\u00e9 Pas de places 50-100<br \/>Longueur : 200-300 m\u00e8tres<br \/>Largeur moyenne : 30 m\u00e8tres<br \/>Niveau d&rsquo;occupation : Moyen<br \/>Degr\u00e9 d&rsquo;urbanisation: Isol\u00e9<br \/>Type de plage : Sable<br \/>Type de sable : Fonc\u00e9<br \/>Conditions de baignade : Vagues mod\u00e9r\u00e9es<br \/>Zone prot\u00e9g\u00e9e : Non<br \/>Police locale : Non<br \/>Croix rouge : Non<br \/>Plage tr\u00e8s petite et isol\u00e9e mais tr\u00e8s jolie, \u00e0 c\u00f4t\u00e9 de la route N-340 \u00e0 la fronti\u00e8re avec Nerja.<\/p>\n\t\t\t\t\t\t\t\t<\/div>\n\t\t\t\t<\/div>\n\t\t\t\t\t<\/div>\n\t\t\t\t<\/div>\n\t\t<div class=\"elementor-element elementor-element-6ea9175 e-flex e-con-boxed e-con e-parent\" data-id=\"6ea9175\" data-element_type=\"container\">\n\t\t\t\t\t<div class=\"e-con-inner\">\n\t\t\t\t<div class=\"elementor-element elementor-element-64ad7fa elementor-widget elementor-widget-heading\" data-id=\"64ad7fa\" data-element_type=\"widget\" data-widget_type=\"heading.default\">\n\t\t\t\t<div class=\"elementor-widget-container\">\n\t\t\t\t\t<h3 class=\"elementor-heading-title elementor-size-default\">plage de chien<\/h3>\t\t\t\t<\/div>\n\t\t\t\t<\/div>\n\t\t\t\t<div class=\"elementor-element elementor-element-46fef49 p-mb-0 elementor-widget elementor-widget-text-editor\" data-id=\"46fef49\" data-element_type=\"widget\" data-widget_type=\"text-editor.default\">\n\t\t\t\t<div class=\"elementor-widget-container\">\n\t\t\t\t\t\t\t\t\t<p>Port de plaisance : La Caleta de V\u00e9lez \/ Distance : 17 km.<br \/>Comment s&rsquo;y rendre : En voiture<br \/>Comment s&rsquo;y rendre par la route : N-340<br \/>Ligne de bus : Urbaine<br \/>Parking &#8211; parking : Oui \/ Non gard\u00e9 Pas de places 100-200<br \/>Longueur : 300 m\u00e8tres<br \/>Largeur moyenne : 20 m\u00e8tres<br \/>Niveau d&rsquo;occupation : Moyen<br \/>Degr\u00e9 d&rsquo;urbanisation: Isol\u00e9<br \/>Type de plage : Sable<br \/>Type de sable : Fonc\u00e9<br \/>Conditions de baignade : Vagues mod\u00e9r\u00e9es<br \/>Zone prot\u00e9g\u00e9e : Non<br \/>Police locale : Non<br \/>Croix Rouge : Oui 95 253 00 13<br \/>Plage situ\u00e9e entre la plage de Ferrara et la plage de Pe\u00f1oncillo. <br \/>L&rsquo;un des plus proches du camping, avec une bonne profondeur de sable sur presque toute sa longueur, il est situ\u00e9 \u00e0 l&#8217;embouchure de la rivi\u00e8re Torrox.<\/p>\n<p>-Les chiens ne peuvent \u00eatre que dans la zone d\u00e9finie comme une plage pour chiens.<br \/>-Le chien doit toujours \u00eatre toujours surveill\u00e9 par ses propri\u00e9taires.<br \/>-Le propri\u00e9taire est oblig\u00e9 de porter la documentation du chien avec lui.<br \/>-Les chiens potentiellement dangereux et ceux de +20 kg. Ils doivent porter une museli\u00e8re.<br \/>-Les chiens nerveux doivent \u00eatre tenus en laisse pour \u00e9viter tout inconfort.<br \/>-Il est obligatoire de recueillir les d\u00e9positions.<br \/>-Utiliser les bacs mis en place pour les d\u00e9positions.<br \/>&#8211; Moragas et cuisine interdits.<br \/>-Le nudisme est interdit.<br \/>-La p\u00eache est interdite sur cette plage.<br \/>-Cette plage pour chiens est class\u00e9e comme NON adapt\u00e9e \u00e0 la baignade. (Ce qui ne veut pas dire que c&rsquo;est strictement interdit&#8230;)<\/p>\n\t\t\t\t\t\t\t\t<\/div>\n\t\t\t\t<\/div>\n\t\t\t\t\t<\/div>\n\t\t\t\t<\/div>\n\t\t<div class=\"elementor-element elementor-element-5da93e2 e-flex e-con-boxed e-con e-parent\" data-id=\"5da93e2\" data-element_type=\"container\">\n\t\t\t\t\t<div class=\"e-con-inner\">\n\t\t\t\t<div class=\"elementor-element elementor-element-3ed1d7d elementor-widget elementor-widget-heading\" data-id=\"3ed1d7d\" data-element_type=\"widget\" data-widget_type=\"heading.default\">\n\t\t\t\t<div class=\"elementor-widget-container\">\n\t\t\t\t\t<h3 class=\"elementor-heading-title elementor-size-default\">Pour plus d'informations:<\/h3>\t\t\t\t<\/div>\n\t\t\t\t<\/div>\n\t\t\t\t<div class=\"elementor-element elementor-element-3722d8a p-mb-0 a--e-global-color-primary elementor-widget elementor-widget-text-editor\" data-id=\"3722d8a\" data-element_type=\"widget\" data-widget_type=\"text-editor.default\">\n\t\t\t\t<div class=\"elementor-widget-container\">\n\t\t\t\t\t\t\t\t\t<p style=\"font-weight: 400;\">Il faut comprendre que la largeur et le type de sable sur les plages de Torrox peuvent varier d&rsquo;un mois \u00e0 l&rsquo;autre.Si vous regardez la commune de Torrox sur n&rsquo;importe quelle carte, vous pouvez voir qu&rsquo;elle est situ\u00e9e sur une corniche, donc toute courant de mer forte ou une temp\u00eate maritime peut affecter \u00e0 la fois la profondeur de la plage elle-m\u00eame et le banc de sable o\u00f9 vous vous tenez dans l&rsquo;eau.<\/p>\n<p style=\"font-weight: 400;\">Les plages les plus touch\u00e9es par cette situation sont g\u00e9n\u00e9ralement la plage de Ferrara \u00e0 son extr\u00e9mit\u00e9 orientale, Calaceite et Wilches, mais nous vous invitons et vous recommandons de visiter les 9 kilom\u00e8tres d&rsquo;excellentes plages que nous avons dans notre ville. Nous vous invitons \u00e9galement \u00e0 d\u00e9couvrir les 2 petites plages cach\u00e9es de moins de 100 m\u00e8tres de long que nous n&rsquo;avons pas publi\u00e9es dans cette rubrique de notre site internet.<\/p>\n<p style=\"font-weight: 400;\">Num\u00e9ro de t\u00e9l\u00e9phone de la <b><strong>protection civile :95 253 04 73.<\/strong><\/b><\/p>\n<p style=\"font-weight: 400;\"><a href=\"http:\/\/www.andalucia.org\/es\/playas\/costa-del-sol\/\">Andalucia.org<\/a><br \/><a href=\"http:\/\/www.queplaya.es\/\">Queplaya.es<\/a><br \/><a href=\"http:\/\/www.todoarenas.com\/\">Todoarenas.com<\/a><\/p>\n\t\t\t\t\t\t\t\t<\/div>\n\t\t\t\t<\/div>\n\t\t\t\t\t<\/div>\n\t\t\t\t<\/div>\n\t\t<div class=\"elementor-element elementor-element-635ff27 e-flex e-con-boxed e-con e-parent\" data-id=\"635ff27\" data-element_type=\"container\">\n\t\t\t\t\t<div class=\"e-con-inner\">\n\t\t\t\t<div class=\"elementor-element elementor-element-9f0a77e elementor-widget elementor-widget-heading\" data-id=\"9f0a77e\" data-element_type=\"widget\" data-widget_type=\"heading.default\">\n\t\t\t\t<div class=\"elementor-widget-container\">\n\t\t\t\t\t<h2 class=\"elementor-heading-title elementor-size-default\">Autres activit\u00e9s<\/h2>\t\t\t\t<\/div>\n\t\t\t\t<\/div>\n\t\t\t\t\t<\/div>\n\t\t\t\t<\/div>\n\t\t<div class=\"elementor-element elementor-element-5ceb8a3 e-flex e-con-boxed e-con e-parent\" data-id=\"5ceb8a3\" data-element_type=\"container\">\n\t\t\t\t\t<div class=\"e-con-inner\">\n\t\t<div class=\"elementor-element elementor-element-eb0e0ed e-con-full e-flex e-con e-parent\" data-id=\"eb0e0ed\" data-element_type=\"container\" data-settings=\"{&quot;background_background&quot;:&quot;classic&quot;}\">\n\t\t\t\t<div class=\"elementor-element elementor-element-bdfb4e1 aspect-ratio-4-2 elementor-widget elementor-widget-image\" data-id=\"bdfb4e1\" data-element_type=\"widget\" data-widget_type=\"image.default\">\n\t\t\t\t<div class=\"elementor-widget-container\">\n\t\t\t\t\t\t\t\t\t\t\t\t\t\t\t\t<a href=\"https:\/\/www.cortijoamaya.com\/informacion-turistica\/las-cuevas-de-nerja\/\">\n\t\t\t\t\t\t\t<img decoding=\"async\" width=\"800\" height=\"530\" src=\"https:\/\/www.cortijoamaya.com\/wp-content\/uploads\/formaciones-cuevas-nerja-estalactitas-estalagmitas-famosas-cuevas-nerja-malaga-spa-1024x678.jpg\" class=\"attachment-large size-large wp-image-1071\" alt=\"\" srcset=\"https:\/\/www.cortijoamaya.com\/wp-content\/uploads\/formaciones-cuevas-nerja-estalactitas-estalagmitas-famosas-cuevas-nerja-malaga-spa-1024x678.jpg 1024w, https:\/\/www.cortijoamaya.com\/wp-content\/uploads\/formaciones-cuevas-nerja-estalactitas-estalagmitas-famosas-cuevas-nerja-malaga-spa-300x199.jpg 300w, https:\/\/www.cortijoamaya.com\/wp-content\/uploads\/formaciones-cuevas-nerja-estalactitas-estalagmitas-famosas-cuevas-nerja-malaga-spa-768x508.jpg 768w, https:\/\/www.cortijoamaya.com\/wp-content\/uploads\/formaciones-cuevas-nerja-estalactitas-estalagmitas-famosas-cuevas-nerja-malaga-spa-1536x1017.jpg 1536w, https:\/\/www.cortijoamaya.com\/wp-content\/uploads\/formaciones-cuevas-nerja-estalactitas-estalagmitas-famosas-cuevas-nerja-malaga-spa.jpg 1920w\" sizes=\"(max-width: 800px) 100vw, 800px\" \/>\t\t\t\t\t\t\t\t<\/a>\n\t\t\t\t\t\t\t\t\t\t\t\t\t\t\t<\/div>\n\t\t\t\t<\/div>\n\t\t\t\t<div class=\"elementor-element elementor-element-442c6a2 elementor-widget elementor-widget-heading\" data-id=\"442c6a2\" data-element_type=\"widget\" data-widget_type=\"heading.default\">\n\t\t\t\t<div class=\"elementor-widget-container\">\n\t\t\t\t\t<h6 class=\"elementor-heading-title elementor-size-default\"><a href=\"https:\/\/www.cortijoamaya.com\/informacion-turistica\/las-cuevas-de-nerja\/\">Les grottes de Nerja<\/a><\/h6>\t\t\t\t<\/div>\n\t\t\t\t<\/div>\n\t\t\t\t<\/div>\n\t\t<div class=\"elementor-element elementor-element-1eb037c e-con-full e-flex e-con e-parent\" data-id=\"1eb037c\" data-element_type=\"container\" data-settings=\"{&quot;background_background&quot;:&quot;classic&quot;}\">\n\t\t\t\t<div class=\"elementor-element elementor-element-7748b05 aspect-ratio-4-2 elementor-widget elementor-widget-image\" data-id=\"7748b05\" data-element_type=\"widget\" data-widget_type=\"image.default\">\n\t\t\t\t<div class=\"elementor-widget-container\">\n\t\t\t\t\t\t\t\t\t\t\t\t\t\t\t\t<a href=\"https:\/\/www.cortijoamaya.com\/informacion-turistica\/playas\/\">\n\t\t\t\t\t\t\t<img decoding=\"async\" width=\"800\" height=\"400\" src=\"https:\/\/www.cortijoamaya.com\/wp-content\/uploads\/arc_19519_g-1024x512.webp\" class=\"attachment-large size-large wp-image-1401\" alt=\"\" srcset=\"https:\/\/www.cortijoamaya.com\/wp-content\/uploads\/arc_19519_g-1024x512.webp 1024w, https:\/\/www.cortijoamaya.com\/wp-content\/uploads\/arc_19519_g-300x150.webp 300w, https:\/\/www.cortijoamaya.com\/wp-content\/uploads\/arc_19519_g-768x384.webp 768w, https:\/\/www.cortijoamaya.com\/wp-content\/uploads\/arc_19519_g-1536x768.webp 1536w, https:\/\/www.cortijoamaya.com\/wp-content\/uploads\/arc_19519_g.webp 1550w\" sizes=\"(max-width: 800px) 100vw, 800px\" \/>\t\t\t\t\t\t\t\t<\/a>\n\t\t\t\t\t\t\t\t\t\t\t\t\t\t\t<\/div>\n\t\t\t\t<\/div>\n\t\t\t\t<div class=\"elementor-element elementor-element-b5fe97b elementor-widget elementor-widget-heading\" data-id=\"b5fe97b\" data-element_type=\"widget\" data-widget_type=\"heading.default\">\n\t\t\t\t<div class=\"elementor-widget-container\">\n\t\t\t\t\t<h6 class=\"elementor-heading-title elementor-size-default\"><a href=\"https:\/\/www.cortijoamaya.com\/informacion-turistica\/playas\/\">Des plages<\/a><\/h6>\t\t\t\t<\/div>\n\t\t\t\t<\/div>\n\t\t\t\t<\/div>\n\t\t<div class=\"elementor-element elementor-element-563e152 e-con-full e-flex e-con e-parent\" data-id=\"563e152\" data-element_type=\"container\" data-settings=\"{&quot;background_background&quot;:&quot;classic&quot;}\">\n\t\t\t\t<div class=\"elementor-element elementor-element-267b1f8 aspect-ratio-4-2 elementor-widget elementor-widget-image\" data-id=\"267b1f8\" data-element_type=\"widget\" data-widget_type=\"image.default\">\n\t\t\t\t<div class=\"elementor-widget-container\">\n\t\t\t\t\t\t\t\t\t\t\t\t\t\t\t\t<a href=\"https:\/\/www.cortijoamaya.com\/informacion-turistica\/mercadillos-de-la-zona\/\">\n\t\t\t\t\t\t\t<img loading=\"lazy\" decoding=\"async\" width=\"800\" height=\"450\" src=\"https:\/\/www.cortijoamaya.com\/wp-content\/uploads\/20170717_212002-1024x576.jpg\" class=\"attachment-large size-large wp-image-1081\" alt=\"\" srcset=\"https:\/\/www.cortijoamaya.com\/wp-content\/uploads\/20170717_212002-1024x576.jpg 1024w, https:\/\/www.cortijoamaya.com\/wp-content\/uploads\/20170717_212002-300x169.jpg 300w, https:\/\/www.cortijoamaya.com\/wp-content\/uploads\/20170717_212002-768x432.jpg 768w, https:\/\/www.cortijoamaya.com\/wp-content\/uploads\/20170717_212002-1536x864.jpg 1536w, https:\/\/www.cortijoamaya.com\/wp-content\/uploads\/20170717_212002.jpg 1920w\" sizes=\"(max-width: 800px) 100vw, 800px\" \/>\t\t\t\t\t\t\t\t<\/a>\n\t\t\t\t\t\t\t\t\t\t\t\t\t\t\t<\/div>\n\t\t\t\t<\/div>\n\t\t\t\t<div class=\"elementor-element elementor-element-49e7cc7 elementor-widget elementor-widget-heading\" data-id=\"49e7cc7\" data-element_type=\"widget\" data-widget_type=\"heading.default\">\n\t\t\t\t<div class=\"elementor-widget-container\">\n\t\t\t\t\t<h6 class=\"elementor-heading-title elementor-size-default\"><a href=\"https:\/\/www.cortijoamaya.com\/informacion-turistica\/mercadillos-de-la-zona\/\">Les march\u00e9s de la r\u00e9gion<\/a><\/h6>\t\t\t\t<\/div>\n\t\t\t\t<\/div>\n\t\t\t\t<\/div>\n\t\t<div class=\"elementor-element elementor-element-3750c6b e-con-full e-flex e-con e-parent\" data-id=\"3750c6b\" data-element_type=\"container\" data-settings=\"{&quot;background_background&quot;:&quot;classic&quot;}\">\n\t\t\t\t<div class=\"elementor-element elementor-element-7a4d140 aspect-ratio-4-2 elementor-widget elementor-widget-image\" data-id=\"7a4d140\" data-element_type=\"widget\" data-widget_type=\"image.default\">\n\t\t\t\t<div class=\"elementor-widget-container\">\n\t\t\t\t\t\t\t\t\t\t\t\t\t\t\t\t<a href=\"https:\/\/www.cortijoamaya.com\/informacion-turistica\/rutas-y-parques-naturales\/\">\n\t\t\t\t\t\t\t<img loading=\"lazy\" decoding=\"async\" width=\"800\" height=\"495\" src=\"https:\/\/www.cortijoamaya.com\/wp-content\/uploads\/2-klFH-U90761598022nG-984x608@Diario-Sur.jpg\" class=\"attachment-large size-large wp-image-1082\" alt=\"\" srcset=\"https:\/\/www.cortijoamaya.com\/wp-content\/uploads\/2-klFH-U90761598022nG-984x608@Diario-Sur.jpg 983w, https:\/\/www.cortijoamaya.com\/wp-content\/uploads\/2-klFH-U90761598022nG-984x608@Diario-Sur-300x186.jpg 300w, https:\/\/www.cortijoamaya.com\/wp-content\/uploads\/2-klFH-U90761598022nG-984x608@Diario-Sur-768x475.jpg 768w\" sizes=\"(max-width: 800px) 100vw, 800px\" \/>\t\t\t\t\t\t\t\t<\/a>\n\t\t\t\t\t\t\t\t\t\t\t\t\t\t\t<\/div>\n\t\t\t\t<\/div>\n\t\t\t\t<div class=\"elementor-element elementor-element-9d499fa elementor-widget elementor-widget-heading\" data-id=\"9d499fa\" data-element_type=\"widget\" data-widget_type=\"heading.default\">\n\t\t\t\t<div class=\"elementor-widget-container\">\n\t\t\t\t\t<h6 class=\"elementor-heading-title elementor-size-default\"><a href=\"https:\/\/www.cortijoamaya.com\/informacion-turistica\/rutas-y-parques-naturales\/\">Routes et parcs naturels<\/a><\/h6>\t\t\t\t<\/div>\n\t\t\t\t<\/div>\n\t\t\t\t<\/div>\n\t\t<div class=\"elementor-element elementor-element-9f8cc2f e-con-full e-flex e-con e-parent\" data-id=\"9f8cc2f\" data-element_type=\"container\" data-settings=\"{&quot;background_background&quot;:&quot;classic&quot;}\">\n\t\t\t\t<div class=\"elementor-element elementor-element-03fa100 aspect-ratio-4-2 elementor-widget elementor-widget-image\" data-id=\"03fa100\" data-element_type=\"widget\" data-widget_type=\"image.default\">\n\t\t\t\t<div class=\"elementor-widget-container\">\n\t\t\t\t\t\t\t\t\t\t\t\t\t\t\t\t<a href=\"https:\/\/www.cortijoamaya.com\/informacion-turistica\/arte-monumentos-museos-conciertos\/\">\n\t\t\t\t\t\t\t<img loading=\"lazy\" decoding=\"async\" width=\"800\" height=\"600\" src=\"https:\/\/www.cortijoamaya.com\/wp-content\/uploads\/cannot-be-missed-1024x768.jpg\" class=\"attachment-large size-large wp-image-1524\" alt=\"\" srcset=\"https:\/\/www.cortijoamaya.com\/wp-content\/uploads\/cannot-be-missed-1024x768.jpg 1024w, https:\/\/www.cortijoamaya.com\/wp-content\/uploads\/cannot-be-missed-300x225.jpg 300w, https:\/\/www.cortijoamaya.com\/wp-content\/uploads\/cannot-be-missed-768x576.jpg 768w, https:\/\/www.cortijoamaya.com\/wp-content\/uploads\/cannot-be-missed.jpg 1200w\" sizes=\"(max-width: 800px) 100vw, 800px\" \/>\t\t\t\t\t\t\t\t<\/a>\n\t\t\t\t\t\t\t\t\t\t\t\t\t\t\t<\/div>\n\t\t\t\t<\/div>\n\t\t\t\t<div class=\"elementor-element elementor-element-960b1a1 elementor-widget elementor-widget-heading\" data-id=\"960b1a1\" data-element_type=\"widget\" data-widget_type=\"heading.default\">\n\t\t\t\t<div class=\"elementor-widget-container\">\n\t\t\t\t\t<h6 class=\"elementor-heading-title elementor-size-default\"><a href=\"https:\/\/www.cortijoamaya.com\/informacion-turistica\/arte-monumentos-museos-conciertos\/\">Art - Monuments - Mus\u00e9es - Concerts<\/a><\/h6>\t\t\t\t<\/div>\n\t\t\t\t<\/div>\n\t\t\t\t<\/div>\n\t\t<div class=\"elementor-element elementor-element-40dc9ba e-con-full e-flex e-con e-parent\" data-id=\"40dc9ba\" data-element_type=\"container\" data-settings=\"{&quot;background_background&quot;:&quot;classic&quot;}\">\n\t\t\t\t<div class=\"elementor-element elementor-element-7c70155 aspect-ratio-4-2 elementor-widget elementor-widget-image\" data-id=\"7c70155\" data-element_type=\"widget\" data-widget_type=\"image.default\">\n\t\t\t\t<div class=\"elementor-widget-container\">\n\t\t\t\t\t\t\t\t\t\t\t\t\t\t\t\t<a href=\"https:\/\/www.cortijoamaya.com\/informacion-turistica\/deportes-y-aventura\/\">\n\t\t\t\t\t\t\t<img loading=\"lazy\" decoding=\"async\" width=\"640\" height=\"420\" src=\"https:\/\/www.cortijoamaya.com\/wp-content\/uploads\/rafting-rio-genil.jpg\" class=\"attachment-large size-large wp-image-1084\" alt=\"\" srcset=\"https:\/\/www.cortijoamaya.com\/wp-content\/uploads\/rafting-rio-genil.jpg 640w, https:\/\/www.cortijoamaya.com\/wp-content\/uploads\/rafting-rio-genil-300x197.jpg 300w\" sizes=\"(max-width: 640px) 100vw, 640px\" \/>\t\t\t\t\t\t\t\t<\/a>\n\t\t\t\t\t\t\t\t\t\t\t\t\t\t\t<\/div>\n\t\t\t\t<\/div>\n\t\t\t\t<div class=\"elementor-element elementor-element-82325b7 elementor-widget elementor-widget-heading\" data-id=\"82325b7\" data-element_type=\"widget\" data-widget_type=\"heading.default\">\n\t\t\t\t<div class=\"elementor-widget-container\">\n\t\t\t\t\t<h6 class=\"elementor-heading-title elementor-size-default\"><a href=\"https:\/\/www.cortijoamaya.com\/informacion-turistica\/deportes-y-aventura\/\">sport et aventure<\/a><\/h6>\t\t\t\t<\/div>\n\t\t\t\t<\/div>\n\t\t\t\t<\/div>\n\t\t\t\t\t<\/div>\n\t\t\t\t<\/div>\n\t\t\t\t<\/div>\n\t\t","protected":false},"excerpt":{"rendered":"<p>plage de ferrare P\u00e9riodiquement, la protection civile passe par la plage. Num\u00e9ro de t\u00e9l\u00e9phone de contact : 95 253 04 73.Port de plaisance : La Caleta de V\u00e9lez \/ Distance : 14 km.Comment s&rsquo;y rendre : En voitureComment s&rsquo;y rendre par la route : N-340Ligne de bus : UrbaineParking &#8211; Parking : Oui, non gard\u00e9 [&hellip;]<\/p>\n","protected":false},"author":2,"featured_media":1401,"parent":1267,"menu_order":2,"comment_status":"closed","ping_status":"closed","template":"elementor_header_footer","meta":{"footnotes":""},"class_list":["post-1350","page","type-page","status-publish","has-post-thumbnail","hentry"],"yoast_head":"<!-- This site is optimized with the Yoast SEO plugin v26.6 - https:\/\/yoast.com\/wordpress\/plugins\/seo\/ -->\n<title>Des plages - Cortijo Amaya<\/title>\n<meta name=\"robots\" content=\"index, follow, max-snippet:-1, max-image-preview:large, max-video-preview:-1\" \/>\n<link rel=\"canonical\" href=\"https:\/\/www.cortijoamaya.com\/fr\/information-touristique\/des-plages\/\" \/>\n<meta property=\"og:locale\" content=\"fr_FR\" \/>\n<meta property=\"og:type\" content=\"article\" \/>\n<meta property=\"og:title\" content=\"Des plages - Cortijo Amaya\" \/>\n<meta property=\"og:description\" content=\"plage de ferrare P\u00e9riodiquement, la protection civile passe par la plage. Num\u00e9ro de t\u00e9l\u00e9phone de contact : 95 253 04 73.Port de plaisance : La Caleta de V\u00e9lez \/ Distance : 14 km.Comment s&rsquo;y rendre : En voitureComment s&rsquo;y rendre par la route : N-340Ligne de bus : UrbaineParking &#8211; Parking : Oui, non gard\u00e9 [&hellip;]\" \/>\n<meta property=\"og:url\" content=\"https:\/\/www.cortijoamaya.com\/fr\/information-touristique\/des-plages\/\" \/>\n<meta property=\"og:site_name\" content=\"Cortijo Amaya\" \/>\n<meta property=\"article:publisher\" content=\"https:\/\/www.facebook.com\/CortijoAmaya\/\" \/>\n<meta property=\"article:modified_time\" content=\"2023-06-29T08:31:12+00:00\" \/>\n<meta property=\"og:image\" content=\"https:\/\/www.cortijoamaya.com\/wp-content\/uploads\/arc_19519_g.webp\" \/>\n\t<meta property=\"og:image:width\" content=\"1550\" \/>\n\t<meta property=\"og:image:height\" content=\"775\" \/>\n\t<meta property=\"og:image:type\" content=\"image\/webp\" \/>\n<meta name=\"twitter:card\" content=\"summary_large_image\" \/>\n<meta name=\"twitter:site\" content=\"@CortijoAmaya\" \/>\n<meta name=\"twitter:label1\" content=\"Dur\u00e9e de lecture estim\u00e9e\" \/>\n\t<meta name=\"twitter:data1\" content=\"6 minutes\" \/>\n<script type=\"application\/ld+json\" class=\"yoast-schema-graph\">{\"@context\":\"https:\/\/schema.org\",\"@graph\":[{\"@type\":\"WebPage\",\"@id\":\"https:\/\/www.cortijoamaya.com\/fr\/information-touristique\/des-plages\/\",\"url\":\"https:\/\/www.cortijoamaya.com\/fr\/information-touristique\/des-plages\/\",\"name\":\"Des plages - Cortijo Amaya\",\"isPartOf\":{\"@id\":\"https:\/\/www.cortijoamaya.com\/fr\/#website\"},\"primaryImageOfPage\":{\"@id\":\"https:\/\/www.cortijoamaya.com\/fr\/information-touristique\/des-plages\/#primaryimage\"},\"image\":{\"@id\":\"https:\/\/www.cortijoamaya.com\/fr\/information-touristique\/des-plages\/#primaryimage\"},\"thumbnailUrl\":\"https:\/\/www.cortijoamaya.com\/wp-content\/uploads\/arc_19519_g.webp\",\"datePublished\":\"2023-06-06T23:55:33+00:00\",\"dateModified\":\"2023-06-29T08:31:12+00:00\",\"breadcrumb\":{\"@id\":\"https:\/\/www.cortijoamaya.com\/fr\/information-touristique\/des-plages\/#breadcrumb\"},\"inLanguage\":\"fr-FR\",\"potentialAction\":[{\"@type\":\"ReadAction\",\"target\":[\"https:\/\/www.cortijoamaya.com\/fr\/information-touristique\/des-plages\/\"]}]},{\"@type\":\"ImageObject\",\"inLanguage\":\"fr-FR\",\"@id\":\"https:\/\/www.cortijoamaya.com\/fr\/information-touristique\/des-plages\/#primaryimage\",\"url\":\"https:\/\/www.cortijoamaya.com\/wp-content\/uploads\/arc_19519_g.webp\",\"contentUrl\":\"https:\/\/www.cortijoamaya.com\/wp-content\/uploads\/arc_19519_g.webp\",\"width\":1550,\"height\":775},{\"@type\":\"BreadcrumbList\",\"@id\":\"https:\/\/www.cortijoamaya.com\/fr\/information-touristique\/des-plages\/#breadcrumb\",\"itemListElement\":[{\"@type\":\"ListItem\",\"position\":1,\"name\":\"Portada\",\"item\":\"https:\/\/www.cortijoamaya.com\/fr\/\"},{\"@type\":\"ListItem\",\"position\":2,\"name\":\"Information touristique\",\"item\":\"https:\/\/www.cortijoamaya.com\/fr\/informacion-turistica\/\"},{\"@type\":\"ListItem\",\"position\":3,\"name\":\"Des plages\"}]},{\"@type\":\"WebSite\",\"@id\":\"https:\/\/www.cortijoamaya.com\/fr\/#website\",\"url\":\"https:\/\/www.cortijoamaya.com\/fr\/\",\"name\":\"Cortijo Amaya\",\"description\":\"Cortijo Amaya\",\"publisher\":{\"@id\":\"https:\/\/www.cortijoamaya.com\/fr\/#organization\"},\"potentialAction\":[{\"@type\":\"SearchAction\",\"target\":{\"@type\":\"EntryPoint\",\"urlTemplate\":\"https:\/\/www.cortijoamaya.com\/fr\/?s={search_term_string}\"},\"query-input\":{\"@type\":\"PropertyValueSpecification\",\"valueRequired\":true,\"valueName\":\"search_term_string\"}}],\"inLanguage\":\"fr-FR\"},{\"@type\":\"Organization\",\"@id\":\"https:\/\/www.cortijoamaya.com\/fr\/#organization\",\"name\":\"Cortijo Amaya\",\"url\":\"https:\/\/www.cortijoamaya.com\/fr\/\",\"logo\":{\"@type\":\"ImageObject\",\"inLanguage\":\"fr-FR\",\"@id\":\"https:\/\/www.cortijoamaya.com\/fr\/#\/schema\/logo\/image\/\",\"url\":\"https:\/\/www.cortijoamaya.com\/wp-content\/uploads\/cropped-cropped-cropped-Logo-1-CORTIJO-AMAYA.png\",\"contentUrl\":\"https:\/\/www.cortijoamaya.com\/wp-content\/uploads\/cropped-cropped-cropped-Logo-1-CORTIJO-AMAYA.png\",\"width\":328,\"height\":300,\"caption\":\"Cortijo Amaya\"},\"image\":{\"@id\":\"https:\/\/www.cortijoamaya.com\/fr\/#\/schema\/logo\/image\/\"},\"sameAs\":[\"https:\/\/www.facebook.com\/CortijoAmaya\/\",\"https:\/\/x.com\/CortijoAmaya\"]}]}<\/script>\n<!-- \/ Yoast SEO plugin. -->","yoast_head_json":{"title":"Des plages - Cortijo Amaya","robots":{"index":"index","follow":"follow","max-snippet":"max-snippet:-1","max-image-preview":"max-image-preview:large","max-video-preview":"max-video-preview:-1"},"canonical":"https:\/\/www.cortijoamaya.com\/fr\/information-touristique\/des-plages\/","og_locale":"fr_FR","og_type":"article","og_title":"Des plages - Cortijo Amaya","og_description":"plage de ferrare P\u00e9riodiquement, la protection civile passe par la plage. Num\u00e9ro de t\u00e9l\u00e9phone de contact : 95 253 04 73.Port de plaisance : La Caleta de V\u00e9lez \/ Distance : 14 km.Comment s&rsquo;y rendre : En voitureComment s&rsquo;y rendre par la route : N-340Ligne de bus : UrbaineParking &#8211; Parking : Oui, non gard\u00e9 [&hellip;]","og_url":"https:\/\/www.cortijoamaya.com\/fr\/information-touristique\/des-plages\/","og_site_name":"Cortijo Amaya","article_publisher":"https:\/\/www.facebook.com\/CortijoAmaya\/","article_modified_time":"2023-06-29T08:31:12+00:00","og_image":[{"width":1550,"height":775,"url":"https:\/\/www.cortijoamaya.com\/wp-content\/uploads\/arc_19519_g.webp","type":"image\/webp"}],"twitter_card":"summary_large_image","twitter_site":"@CortijoAmaya","twitter_misc":{"Dur\u00e9e de lecture estim\u00e9e":"6 minutes"},"schema":{"@context":"https:\/\/schema.org","@graph":[{"@type":"WebPage","@id":"https:\/\/www.cortijoamaya.com\/fr\/information-touristique\/des-plages\/","url":"https:\/\/www.cortijoamaya.com\/fr\/information-touristique\/des-plages\/","name":"Des plages - Cortijo Amaya","isPartOf":{"@id":"https:\/\/www.cortijoamaya.com\/fr\/#website"},"primaryImageOfPage":{"@id":"https:\/\/www.cortijoamaya.com\/fr\/information-touristique\/des-plages\/#primaryimage"},"image":{"@id":"https:\/\/www.cortijoamaya.com\/fr\/information-touristique\/des-plages\/#primaryimage"},"thumbnailUrl":"https:\/\/www.cortijoamaya.com\/wp-content\/uploads\/arc_19519_g.webp","datePublished":"2023-06-06T23:55:33+00:00","dateModified":"2023-06-29T08:31:12+00:00","breadcrumb":{"@id":"https:\/\/www.cortijoamaya.com\/fr\/information-touristique\/des-plages\/#breadcrumb"},"inLanguage":"fr-FR","potentialAction":[{"@type":"ReadAction","target":["https:\/\/www.cortijoamaya.com\/fr\/information-touristique\/des-plages\/"]}]},{"@type":"ImageObject","inLanguage":"fr-FR","@id":"https:\/\/www.cortijoamaya.com\/fr\/information-touristique\/des-plages\/#primaryimage","url":"https:\/\/www.cortijoamaya.com\/wp-content\/uploads\/arc_19519_g.webp","contentUrl":"https:\/\/www.cortijoamaya.com\/wp-content\/uploads\/arc_19519_g.webp","width":1550,"height":775},{"@type":"BreadcrumbList","@id":"https:\/\/www.cortijoamaya.com\/fr\/information-touristique\/des-plages\/#breadcrumb","itemListElement":[{"@type":"ListItem","position":1,"name":"Portada","item":"https:\/\/www.cortijoamaya.com\/fr\/"},{"@type":"ListItem","position":2,"name":"Information touristique","item":"https:\/\/www.cortijoamaya.com\/fr\/informacion-turistica\/"},{"@type":"ListItem","position":3,"name":"Des plages"}]},{"@type":"WebSite","@id":"https:\/\/www.cortijoamaya.com\/fr\/#website","url":"https:\/\/www.cortijoamaya.com\/fr\/","name":"Cortijo Amaya","description":"Cortijo Amaya","publisher":{"@id":"https:\/\/www.cortijoamaya.com\/fr\/#organization"},"potentialAction":[{"@type":"SearchAction","target":{"@type":"EntryPoint","urlTemplate":"https:\/\/www.cortijoamaya.com\/fr\/?s={search_term_string}"},"query-input":{"@type":"PropertyValueSpecification","valueRequired":true,"valueName":"search_term_string"}}],"inLanguage":"fr-FR"},{"@type":"Organization","@id":"https:\/\/www.cortijoamaya.com\/fr\/#organization","name":"Cortijo Amaya","url":"https:\/\/www.cortijoamaya.com\/fr\/","logo":{"@type":"ImageObject","inLanguage":"fr-FR","@id":"https:\/\/www.cortijoamaya.com\/fr\/#\/schema\/logo\/image\/","url":"https:\/\/www.cortijoamaya.com\/wp-content\/uploads\/cropped-cropped-cropped-Logo-1-CORTIJO-AMAYA.png","contentUrl":"https:\/\/www.cortijoamaya.com\/wp-content\/uploads\/cropped-cropped-cropped-Logo-1-CORTIJO-AMAYA.png","width":328,"height":300,"caption":"Cortijo Amaya"},"image":{"@id":"https:\/\/www.cortijoamaya.com\/fr\/#\/schema\/logo\/image\/"},"sameAs":["https:\/\/www.facebook.com\/CortijoAmaya\/","https:\/\/x.com\/CortijoAmaya"]}]}},"_links":{"self":[{"href":"https:\/\/www.cortijoamaya.com\/fr\/wp-json\/wp\/v2\/pages\/1350","targetHints":{"allow":["GET"]}}],"collection":[{"href":"https:\/\/www.cortijoamaya.com\/fr\/wp-json\/wp\/v2\/pages"}],"about":[{"href":"https:\/\/www.cortijoamaya.com\/fr\/wp-json\/wp\/v2\/types\/page"}],"author":[{"embeddable":true,"href":"https:\/\/www.cortijoamaya.com\/fr\/wp-json\/wp\/v2\/users\/2"}],"replies":[{"embeddable":true,"href":"https:\/\/www.cortijoamaya.com\/fr\/wp-json\/wp\/v2\/comments?post=1350"}],"version-history":[{"count":5,"href":"https:\/\/www.cortijoamaya.com\/fr\/wp-json\/wp\/v2\/pages\/1350\/revisions"}],"predecessor-version":[{"id":1444,"href":"https:\/\/www.cortijoamaya.com\/fr\/wp-json\/wp\/v2\/pages\/1350\/revisions\/1444"}],"up":[{"embeddable":true,"href":"https:\/\/www.cortijoamaya.com\/fr\/wp-json\/wp\/v2\/pages\/1267"}],"wp:featuredmedia":[{"embeddable":true,"href":"https:\/\/www.cortijoamaya.com\/fr\/wp-json\/wp\/v2\/media\/1401"}],"wp:attachment":[{"href":"https:\/\/www.cortijoamaya.com\/fr\/wp-json\/wp\/v2\/media?parent=1350"}],"curies":[{"name":"wp","href":"https:\/\/api.w.org\/{rel}","templated":true}]}}